{"id":2,"date":"2026-02-04T09:31:16","date_gmt":"2026-02-04T08:31:16","guid":{"rendered":"http:\/\/powiatwwl.pl\/?page_id=2"},"modified":"2026-04-20T15:44:14","modified_gmt":"2026-04-20T13:44:14","slug":"przykladowa-strona","status":"publish","type":"page","link":"https:\/\/powiatwwl.pl\/?page_id=2","title":{"rendered":"Zdrowie"},"content":{"rendered":"<div class=\"wp-block-image\">\n<figure class=\"alignleft size-full is-resized\"><img loading=\"lazy\" decoding=\"async\" width=\"986\" height=\"986\" src=\"https:\/\/powiatwwl.pl\/wp-content\/uploads\/2026\/02\/471215420_1097417855172626_438410656441550007_n.jpg\" alt=\"\" class=\"wp-image-306\" style=\"width:108px;height:auto\" srcset=\"https:\/\/powiatwwl.pl\/wp-content\/uploads\/2026\/02\/471215420_1097417855172626_438410656441550007_n.jpg 986w, https:\/\/powiatwwl.pl\/wp-content\/uploads\/2026\/02\/471215420_1097417855172626_438410656441550007_n-300x300.jpg 300w, https:\/\/powiatwwl.pl\/wp-content\/uploads\/2026\/02\/471215420_1097417855172626_438410656441550007_n-150x150.jpg 150w, https:\/\/powiatwwl.pl\/wp-content\/uploads\/2026\/02\/471215420_1097417855172626_438410656441550007_n-768x768.jpg 768w, https:\/\/powiatwwl.pl\/wp-content\/uploads\/2026\/02\/471215420_1097417855172626_438410656441550007_n-80x80.jpg 80w, https:\/\/powiatwwl.pl\/wp-content\/uploads\/2026\/02\/471215420_1097417855172626_438410656441550007_n-320x320.jpg 320w\" sizes=\"auto, (max-width: 986px) 100vw, 986px\" \/><\/figure>\n<\/div>\n\n\n<h2 class=\"wp-block-heading\"><a href=\"https:\/\/www.facebook.com\/szpitalwolomin\">SZPITAL w Wo\u0142ominie \/ facebook\/<\/a><\/h2>\n\n\n\n<hr class=\"wp-block-separator aligncenter has-alpha-channel-opacity\"\/>\n\n\n<div class=\"wp-block-image\">\n<figure class=\"alignleft size-full is-resized\"><img loading=\"lazy\" decoding=\"async\" width=\"1024\" height=\"576\" src=\"https:\/\/powiatwwl.pl\/wp-content\/uploads\/2026\/02\/Sequence-01.00_00_04_13.Still007-1024x576-1.png\" alt=\"\" class=\"wp-image-679\" style=\"aspect-ratio:1.7777988769226596;width:156px;height:auto\" srcset=\"https:\/\/powiatwwl.pl\/wp-content\/uploads\/2026\/02\/Sequence-01.00_00_04_13.Still007-1024x576-1.png 1024w, https:\/\/powiatwwl.pl\/wp-content\/uploads\/2026\/02\/Sequence-01.00_00_04_13.Still007-1024x576-1-300x169.png 300w, https:\/\/powiatwwl.pl\/wp-content\/uploads\/2026\/02\/Sequence-01.00_00_04_13.Still007-1024x576-1-768x432.png 768w\" sizes=\"auto, (max-width: 1024px) 100vw, 1024px\" \/><\/figure>\n<\/div>\n\n\n<h2 class=\"wp-block-heading\"><a href=\"https:\/\/szpitalwolomin.pl\/\">SZPITAL w Wo\u0142ominie \/www\/<\/a><\/h2>\n\n\n\n<hr class=\"wp-block-separator aligncenter has-alpha-channel-opacity\"\/>\n\n\n\n<figure class=\"wp-block-embed is-type-video is-provider-youtube wp-block-embed-youtube wp-embed-aspect-16-9 wp-has-aspect-ratio\"><div class=\"wp-block-embed__wrapper\">\n<div class=\"video-container\"><iframe loading=\"lazy\" title=\"Szpital Matki Bo\u017cej Nieustaj\u0105cej Pomocy w Wo\u0142ominie - 50 lat\" width=\"500\" height=\"281\" src=\"https:\/\/www.youtube.com\/embed\/tLMxz6WyN9w?feature=oembed&#038;wmode=opaque\" frameborder=\"0\" allow=\"accelerometer; autoplay; clipboard-write; encrypted-media; gyroscope; picture-in-picture; web-share\" referrerpolicy=\"strict-origin-when-cross-origin\" allowfullscreen><\/iframe><\/div>\n<\/div><\/figure>\n\n\n\n<hr class=\"wp-block-separator has-alpha-channel-opacity\"\/>\n\n\n\n<h1 class=\"wp-block-heading has-text-align-center\">Aktualno\u015bci<\/h1>\n\n\n\n<hr class=\"wp-block-separator aligncenter has-alpha-channel-opacity\"\/>\n\n\n<div class=\"wp-block-image\">\n<figure class=\"aligncenter size-full\"><a href=\"https:\/\/www.facebook.com\/szpitalwolomin\"><img loading=\"lazy\" decoding=\"async\" width=\"788\" height=\"788\" src=\"https:\/\/powiatwwl.pl\/wp-content\/uploads\/2026\/04\/661939743_1399697778840759_121445160476323652_n.jpg\" alt=\"\" class=\"wp-image-2998\" srcset=\"https:\/\/powiatwwl.pl\/wp-content\/uploads\/2026\/04\/661939743_1399697778840759_121445160476323652_n.jpg 788w, https:\/\/powiatwwl.pl\/wp-content\/uploads\/2026\/04\/661939743_1399697778840759_121445160476323652_n-300x300.jpg 300w, https:\/\/powiatwwl.pl\/wp-content\/uploads\/2026\/04\/661939743_1399697778840759_121445160476323652_n-150x150.jpg 150w, https:\/\/powiatwwl.pl\/wp-content\/uploads\/2026\/04\/661939743_1399697778840759_121445160476323652_n-768x768.jpg 768w, https:\/\/powiatwwl.pl\/wp-content\/uploads\/2026\/04\/661939743_1399697778840759_121445160476323652_n-80x80.jpg 80w, https:\/\/powiatwwl.pl\/wp-content\/uploads\/2026\/04\/661939743_1399697778840759_121445160476323652_n-320x320.jpg 320w\" sizes=\"auto, (max-width: 788px) 100vw, 788px\" \/><\/a><\/figure>\n<\/div>\n\n<div class=\"wp-block-image\">\n<figure class=\"aligncenter size-large\"><img loading=\"lazy\" decoding=\"async\" width=\"1024\" height=\"576\" src=\"https:\/\/powiatwwl.pl\/wp-content\/uploads\/2026\/04\/Dodaj-podtytul-3-1024x576.jpg\" alt=\"\" class=\"wp-image-2755\" srcset=\"https:\/\/powiatwwl.pl\/wp-content\/uploads\/2026\/04\/Dodaj-podtytul-3-1024x576.jpg 1024w, https:\/\/powiatwwl.pl\/wp-content\/uploads\/2026\/04\/Dodaj-podtytul-3-300x169.jpg 300w, https:\/\/powiatwwl.pl\/wp-content\/uploads\/2026\/04\/Dodaj-podtytul-3-768x432.jpg 768w, https:\/\/powiatwwl.pl\/wp-content\/uploads\/2026\/04\/Dodaj-podtytul-3.jpg 1280w\" sizes=\"auto, (max-width: 1024px) 100vw, 1024px\" \/><\/figure>\n<\/div>\n\n\n<h2 class=\"wp-block-heading has-text-align-center\"><a href=\"https:\/\/www.facebook.com\/reel\/2333044837196652\">Serial Szpitalny. Odcinek 1 &#8222;Apteka Szpitalna&#8221;\/VIDEO\/<\/a><\/h2>\n\n\n\n<h2 class=\"wp-block-heading has-text-align-center\"><strong><a href=\"https:\/\/www.facebook.com\/reel\/1244272497866652\">Serial Szpitalny. Odcinek 2 &#8222;Oddzia\u0142 GINEKOLOGICZNO-PO\u0141O\u017bNICZY&#8221;\/VIDEO\/<\/a><\/strong><\/h2>\n\n\n\n<h2 class=\"wp-block-heading has-text-align-center\">Serial Szpitalny. Odcinek 3 &#8222;Apteka Szpitalna&#8221;\/VIDEO\/<\/h2>\n\n\n\n<h2 class=\"wp-block-heading has-text-align-center\">Serial Szpitalny. Odcinek 4 &#8222;Apteka Szpitalna&#8221;\/VIDEO\/<\/h2>\n\n\n\n<h2 class=\"wp-block-heading has-text-align-center\">Serial Szpitalny. Odcinek 6 &#8222;Apteka Szpitalna&#8221;\/VIDEO\/<\/h2>\n\n\n\n<h2 class=\"wp-block-heading has-text-align-center\"><a href=\"https:\/\/www.facebook.com\/reel\/2010396886268985\">Serial Szpitalny. Odcinek 7 &#8222;Zesp\u00f3\u0142 Diagnostyki Obrazowej&#8221;\/VIDEO\/<\/a><\/h2>\n\n\n\n<h2 class=\"wp-block-heading has-text-align-center\"><a href=\"https:\/\/www.facebook.com\/reel\/946918938238882\">Serial Szpitalny. Odcinek 8 &#8222;SOR&#8221;\/VIDEO\/<\/a><\/h2>\n\n\n\n<h2 class=\"wp-block-heading has-text-align-center\">Serial Szpitalny. Odcinek 9 &#8222;&#8221;\/VIDEO\/<\/h2>\n\n\n\n<hr class=\"wp-block-separator aligncenter has-alpha-channel-opacity\"\/>\n\n\n<div class=\"wp-block-image\">\n<figure class=\"aligncenter size-full\"><img loading=\"lazy\" decoding=\"async\" width=\"509\" height=\"720\" src=\"https:\/\/powiatwwl.pl\/wp-content\/uploads\/2026\/03\/653711512_1389170479893489_6590514384122023212_n.jpg\" alt=\"\" class=\"wp-image-2253\" srcset=\"https:\/\/powiatwwl.pl\/wp-content\/uploads\/2026\/03\/653711512_1389170479893489_6590514384122023212_n.jpg 509w, https:\/\/powiatwwl.pl\/wp-content\/uploads\/2026\/03\/653711512_1389170479893489_6590514384122023212_n-212x300.jpg 212w\" sizes=\"auto, (max-width: 509px) 100vw, 509px\" \/><\/figure>\n<\/div>\n\n\n<hr class=\"wp-block-separator aligncenter has-alpha-channel-opacity\"\/>\n\n\n<div class=\"wp-block-image\">\n<figure class=\"aligncenter size-full is-resized\"><img loading=\"lazy\" decoding=\"async\" width=\"986\" height=\"986\" src=\"https:\/\/powiatwwl.pl\/wp-content\/uploads\/2026\/02\/471215420_1097417855172626_438410656441550007_n.jpg\" alt=\"\" class=\"wp-image-306\" style=\"width:109px;height:auto\" srcset=\"https:\/\/powiatwwl.pl\/wp-content\/uploads\/2026\/02\/471215420_1097417855172626_438410656441550007_n.jpg 986w, https:\/\/powiatwwl.pl\/wp-content\/uploads\/2026\/02\/471215420_1097417855172626_438410656441550007_n-300x300.jpg 300w, https:\/\/powiatwwl.pl\/wp-content\/uploads\/2026\/02\/471215420_1097417855172626_438410656441550007_n-150x150.jpg 150w, https:\/\/powiatwwl.pl\/wp-content\/uploads\/2026\/02\/471215420_1097417855172626_438410656441550007_n-768x768.jpg 768w, https:\/\/powiatwwl.pl\/wp-content\/uploads\/2026\/02\/471215420_1097417855172626_438410656441550007_n-80x80.jpg 80w, https:\/\/powiatwwl.pl\/wp-content\/uploads\/2026\/02\/471215420_1097417855172626_438410656441550007_n-320x320.jpg 320w\" sizes=\"auto, (max-width: 986px) 100vw, 986px\" \/><\/figure>\n<\/div>\n\n\n<h2 class=\"wp-block-heading has-text-align-center\"><a href=\"https:\/\/www.facebook.com\/reel\/1680045493369307\">Szpitalny Oddzia\u0142 Ratunkowy &#8211; budowa i modernizacja trwa, marzec 2026 \/ROLKA VIDEO\/<\/a><\/h2>\n\n\n\n<hr class=\"wp-block-separator has-alpha-channel-opacity\"\/>\n\n\n<div class=\"wp-block-image\">\n<figure class=\"aligncenter size-large\"><img loading=\"lazy\" decoding=\"async\" width=\"724\" height=\"1024\" src=\"https:\/\/powiatwwl.pl\/wp-content\/uploads\/2026\/03\/653425075_1387588690051668_246432427579443583_n-724x1024.jpg\" alt=\"\" class=\"wp-image-2142\" srcset=\"https:\/\/powiatwwl.pl\/wp-content\/uploads\/2026\/03\/653425075_1387588690051668_246432427579443583_n-724x1024.jpg 724w, https:\/\/powiatwwl.pl\/wp-content\/uploads\/2026\/03\/653425075_1387588690051668_246432427579443583_n-212x300.jpg 212w, https:\/\/powiatwwl.pl\/wp-content\/uploads\/2026\/03\/653425075_1387588690051668_246432427579443583_n-768x1087.jpg 768w, https:\/\/powiatwwl.pl\/wp-content\/uploads\/2026\/03\/653425075_1387588690051668_246432427579443583_n.jpg 1080w\" sizes=\"auto, (max-width: 724px) 100vw, 724px\" \/><\/figure>\n<\/div>\n\n\n<p><\/p>\n\n\n\n<hr class=\"wp-block-separator aligncenter has-alpha-channel-opacity\"\/>\n\n\n\n<figure class=\"wp-block-image size-large\"><img loading=\"lazy\" decoding=\"async\" width=\"1024\" height=\"393\" src=\"https:\/\/powiatwwl.pl\/wp-content\/uploads\/2026\/03\/649179485_1382330317244172_121930965723320784_n-1024x393.png\" alt=\"\" class=\"wp-image-1999\" srcset=\"https:\/\/powiatwwl.pl\/wp-content\/uploads\/2026\/03\/649179485_1382330317244172_121930965723320784_n-1024x393.png 1024w, https:\/\/powiatwwl.pl\/wp-content\/uploads\/2026\/03\/649179485_1382330317244172_121930965723320784_n-300x115.png 300w, https:\/\/powiatwwl.pl\/wp-content\/uploads\/2026\/03\/649179485_1382330317244172_121930965723320784_n-768x295.png 768w, https:\/\/powiatwwl.pl\/wp-content\/uploads\/2026\/03\/649179485_1382330317244172_121930965723320784_n-1536x590.png 1536w, https:\/\/powiatwwl.pl\/wp-content\/uploads\/2026\/03\/649179485_1382330317244172_121930965723320784_n.png 1624w\" sizes=\"auto, (max-width: 1024px) 100vw, 1024px\" \/><\/figure>\n\n\n\n<hr class=\"wp-block-separator aligncenter has-alpha-channel-opacity\"\/>\n\n\n\n<h2 class=\"wp-block-heading\"><strong>Wsp\u00f3\u0142praca Szpitala z Uczelni\u0105 \u0141azarskiego<\/strong><\/h2>\n\n\n<div class=\"wp-block-image\">\n<figure class=\"aligncenter size-large is-resized\"><img loading=\"lazy\" decoding=\"async\" width=\"1024\" height=\"678\" src=\"https:\/\/powiatwwl.pl\/wp-content\/uploads\/2026\/02\/634137843_1360217869455417_6595737981996052237_n-1024x678.jpg\" alt=\"\" class=\"wp-image-932\" style=\"width:590px;height:auto\" srcset=\"https:\/\/powiatwwl.pl\/wp-content\/uploads\/2026\/02\/634137843_1360217869455417_6595737981996052237_n-1024x678.jpg 1024w, https:\/\/powiatwwl.pl\/wp-content\/uploads\/2026\/02\/634137843_1360217869455417_6595737981996052237_n-300x199.jpg 300w, https:\/\/powiatwwl.pl\/wp-content\/uploads\/2026\/02\/634137843_1360217869455417_6595737981996052237_n-768x509.jpg 768w, https:\/\/powiatwwl.pl\/wp-content\/uploads\/2026\/02\/634137843_1360217869455417_6595737981996052237_n.jpg 1440w\" sizes=\"auto, (max-width: 1024px) 100vw, 1024px\" \/><\/figure>\n<\/div>\n\n\n<p><strong>Szpital<\/strong> w Wo\u0142ominie i rozw\u00f3j przysz\u0142ych medyk\u00f3w! \u201eRozw\u00f3j akademicki, kolejne kliniki oraz wzrost wiedzy Zespo\u0142u s\u0105 i b\u0119d\u0105 kluczowymi filarami Szpitala w Wo\u0142ominie\u201d \u2013 tymi s\u0142owami Dyrektor Piotr Go\u0142aszewski rozpocz\u0105\u0142 poniedzia\u0142kowe strategiczne spotkanie z przedstawicielami&nbsp;<a href=\"https:\/\/www.facebook.com\/uczelnia.lazarskiego?__cft__[0]=AZYb9watQaAe7n-bIQ5u5Ky5Sva8oVPhC3_8aMi81zARi7PLEC87_6-9X86OD62BDJu4xO_jbh6XPppwbaYfD5M0V62t1HFn-jhRwBwfL2lqX7CcBnz8piQe0ogDY18U5p9tGhazHndRRgC7Ha0r1VAaO7cQQ1JxletZXCHp5ziiJOANaSw0jFcT8w5q2nSCcBo&amp;__tn__=-]K-R\" target=\"_blank\" rel=\"noreferrer noopener\">Uczelnia \u0141azarskiego<\/a>.<\/p>\n\n\n\n<p>W rozmowach o przysz\u0142o\u015bci naszej plac\u00f3wki uczestniczyli Dyrektor Piotr Go\u0142aszewski oraz Dyrektor ds. Lecznictwa Katarzyna Kami\u0144ska, a Uczelni\u0119 reprezentowa\u0142a delegacja Wydzia\u0142u Medycznego: dr n. med. Marta Sobczy\u0144ska \u2013 Dziekan Wydzia\u0142u Medycznego, prof. dr hab. n. med. Walewska-Zielecka Bo\u017cena \u2013 Prodziekan ds. rozwoju nauki i kszta\u0142cenia, dr n. med. Olga Tronina \u2013 Prodziekan ds. kszta\u0142cenia klinicznego oraz Pani Malwina Chudzik<\/p>\n\n\n\n<p>Szczeg\u00f3lnymi go\u015b\u0107mi spotkania byli dr n.med. Marcin Wyzga\u0142 oraz lek. Andrzej Falkowski, co ju\u017c teraz nadaje wyra\u017any kierunek dalszej wsp\u00f3\u0142pracy mi\u0119dzy naszym Szpitalem a Uczelni\u0105. Podczas spotkania om\u00f3wiono szereg element\u00f3w organizacji obecnej i przysz\u0142ej wsp\u00f3\u0142pracy, pomys\u0142y na akademickie wykorzystanie potencja\u0142u nowego SOR-u oraz perspektywy utworzenia kolejnych klinik, odpowiadaj\u0105c na znacz\u0105co rosn\u0105c\u0105 liczb\u0119 student\u00f3w zainteresowanych naszym Szpitalem.<\/p>\n\n\n\n<p>Obecnie w naszym Szpitalu z sukcesem funkcjonuj\u0105 ju\u017c trzy kliniki Uczelni \u0141azarskiego:<\/p>\n\n\n\n<p>Klinika Ginekologii i Po\u0142o\u017cnictwa<\/p>\n\n\n\n<p>Klinika Chirurgii Og\u00f3lnej<\/p>\n\n\n\n<p>Klinika Chirurgii Urazowo \u2013 Ortopedycznej<\/p>\n\n\n\n<p>Dzi\u0119kujemy Przedstawicielom Uczelni za inspiruj\u0105cy dialog i wsp\u00f3ln\u0105 wizj\u0119 rozwoju!<\/p>\n\n\n\n<hr class=\"wp-block-separator aligncenter has-alpha-channel-opacity\"\/>\n\n\n<div class=\"wp-block-image\">\n<figure class=\"alignleft size-full is-resized\"><img loading=\"lazy\" decoding=\"async\" width=\"986\" height=\"986\" src=\"https:\/\/powiatwwl.pl\/wp-content\/uploads\/2026\/02\/471215420_1097417855172626_438410656441550007_n.jpg\" alt=\"\" class=\"wp-image-306\" style=\"width:108px;height:auto\" srcset=\"https:\/\/powiatwwl.pl\/wp-content\/uploads\/2026\/02\/471215420_1097417855172626_438410656441550007_n.jpg 986w, https:\/\/powiatwwl.pl\/wp-content\/uploads\/2026\/02\/471215420_1097417855172626_438410656441550007_n-300x300.jpg 300w, https:\/\/powiatwwl.pl\/wp-content\/uploads\/2026\/02\/471215420_1097417855172626_438410656441550007_n-150x150.jpg 150w, https:\/\/powiatwwl.pl\/wp-content\/uploads\/2026\/02\/471215420_1097417855172626_438410656441550007_n-768x768.jpg 768w, https:\/\/powiatwwl.pl\/wp-content\/uploads\/2026\/02\/471215420_1097417855172626_438410656441550007_n-80x80.jpg 80w, https:\/\/powiatwwl.pl\/wp-content\/uploads\/2026\/02\/471215420_1097417855172626_438410656441550007_n-320x320.jpg 320w\" sizes=\"auto, (max-width: 986px) 100vw, 986px\" \/><\/figure>\n<\/div>\n\n\n<h2 class=\"wp-block-heading\"><strong><a href=\"https:\/\/szpitalwolomin.pl\/\" target=\"_blank\" rel=\"noreferrer noopener\">SZPITAL WO\u0141OMIN<\/a><\/strong><\/h2>\n\n\n\n<p><\/p>\n\n\n\n<p><\/p>\n\n\n\n<hr class=\"wp-block-separator has-alpha-channel-opacity\"\/>\n\n\n\n<h2 class=\"wp-block-heading has-text-align-left\"><strong>Z\u0142oty Certyfikat<\/strong><\/h2>\n\n\n<div class=\"wp-block-image\">\n<figure class=\"aligncenter size-large is-resized\"><img loading=\"lazy\" decoding=\"async\" width=\"1024\" height=\"768\" src=\"https:\/\/powiatwwl.pl\/wp-content\/uploads\/2026\/02\/633775935_1359110579566146_626239327550455086_n-1024x768.jpg\" alt=\"\" class=\"wp-image-838\" style=\"width:606px;height:auto\" srcset=\"https:\/\/powiatwwl.pl\/wp-content\/uploads\/2026\/02\/633775935_1359110579566146_626239327550455086_n-1024x768.jpg 1024w, https:\/\/powiatwwl.pl\/wp-content\/uploads\/2026\/02\/633775935_1359110579566146_626239327550455086_n-300x225.jpg 300w, https:\/\/powiatwwl.pl\/wp-content\/uploads\/2026\/02\/633775935_1359110579566146_626239327550455086_n-768x576.jpg 768w, https:\/\/powiatwwl.pl\/wp-content\/uploads\/2026\/02\/633775935_1359110579566146_626239327550455086_n-1536x1152.jpg 1536w, https:\/\/powiatwwl.pl\/wp-content\/uploads\/2026\/02\/633775935_1359110579566146_626239327550455086_n.jpg 1600w\" sizes=\"auto, (max-width: 1024px) 100vw, 1024px\" \/><\/figure>\n<\/div>\n\n\n<p><strong>Szpital<\/strong> w\u015br\u00f3d lider\u00f3w opieki udarowej!. Otrzyma\u0142 Z\u0142oty Certyfikat za dzia\u0142ania, kt\u00f3re zosta\u0142y wdro\u017cone w II kwartale 2025 roku!<\/p>\n\n\n\n<p>Podczas konferencja organizacji Angels w pi\u0119knych s\u0142owach wypowiadano si\u0119 o Oddziale Neurologii w Szpitalu w Wo\u0142ominie. To docenienie profesjonalnych dzia\u0142a\u0144 ca\u0142ego zespo\u0142u na rzecz pacjent\u00f3w z udarami, na czele z dr Micha\u0142em Mortonem. Podczas wydarzenia dr Klaudia Rabek, neurolo\u017cka naszego oddzia\u0142u, przedstawi\u0142a prezentacj\u0119 o wzorowej wsp\u00f3\u0142pracy mi\u0119dzy SOR, Zespo\u0142em Ratownictwa Medycznego i Oddzia\u0142u Neurologicznego w Szpitalu. Wielkie gratulacje dla Zespo\u0142\u00f3w Oddzia\u0142u Neurologii oraz SOR za skuteczne po\u0142\u0105czenie si\u0142 na rzecz pacjent\u00f3w z udarem!<\/p>\n\n\n\n<p>Czym jest Program Angels?To mi\u0119dzynarodowy projekt, kt\u00f3ry skupia si\u0119 na zapewnieniu pacjentowi dost\u0119pu do nowoczesnej i kompleksowej opieki udarowej. Oddzia\u0142y zaproszone do wsp\u00f3\u0142pracy, to te, kt\u00f3re przestrzegaj\u0105 najwy\u017cszych standard\u00f3w w leczeniu chorych z powodu udaru m\u00f3zgu.<\/p>\n\n\n\n<p>Certyfikat Inicjatywy ANGELS \u2013 presti\u017cowe wyr\u00f3\u017cnienie, kt\u00f3re potwierdza, \u017ce nasze Zespo\u0142y dzia\u0142aj\u0105 wed\u0142ug najwy\u017cszych \u015bwiatowych standard\u00f3w.<\/p>\n\n\n<div class=\"wp-block-image\">\n<figure class=\"aligncenter size-large is-resized\"><img loading=\"lazy\" decoding=\"async\" width=\"819\" height=\"1024\" src=\"https:\/\/powiatwwl.pl\/wp-content\/uploads\/2026\/02\/630569951_1359083302902207_6119851535404405841_n-819x1024.jpg\" alt=\"\" class=\"wp-image-829\" style=\"aspect-ratio:0.7998186352301065;width:346px;height:auto\" srcset=\"https:\/\/powiatwwl.pl\/wp-content\/uploads\/2026\/02\/630569951_1359083302902207_6119851535404405841_n-819x1024.jpg 819w, https:\/\/powiatwwl.pl\/wp-content\/uploads\/2026\/02\/630569951_1359083302902207_6119851535404405841_n-240x300.jpg 240w, https:\/\/powiatwwl.pl\/wp-content\/uploads\/2026\/02\/630569951_1359083302902207_6119851535404405841_n-768x960.jpg 768w, https:\/\/powiatwwl.pl\/wp-content\/uploads\/2026\/02\/630569951_1359083302902207_6119851535404405841_n-1229x1536.jpg 1229w, https:\/\/powiatwwl.pl\/wp-content\/uploads\/2026\/02\/630569951_1359083302902207_6119851535404405841_n.jpg 1500w\" sizes=\"auto, (max-width: 819px) 100vw, 819px\" \/><\/figure>\n<\/div>\n\n\n<hr class=\"wp-block-separator has-alpha-channel-opacity\"\/>\n\n\n\n<figure class=\"wp-block-image size-full\"><img loading=\"lazy\" decoding=\"async\" width=\"1024\" height=\"576\" src=\"https:\/\/powiatwwl.pl\/wp-content\/uploads\/2026\/02\/Sequence-01.00_00_04_13.Still007-1024x576-1.png\" alt=\"\" class=\"wp-image-679\" srcset=\"https:\/\/powiatwwl.pl\/wp-content\/uploads\/2026\/02\/Sequence-01.00_00_04_13.Still007-1024x576-1.png 1024w, https:\/\/powiatwwl.pl\/wp-content\/uploads\/2026\/02\/Sequence-01.00_00_04_13.Still007-1024x576-1-300x169.png 300w, https:\/\/powiatwwl.pl\/wp-content\/uploads\/2026\/02\/Sequence-01.00_00_04_13.Still007-1024x576-1-768x432.png 768w\" sizes=\"auto, (max-width: 1024px) 100vw, 1024px\" \/><\/figure>\n\n\n<div class=\"wp-block-image\">\n<figure class=\"alignleft size-full is-resized\"><img loading=\"lazy\" decoding=\"async\" width=\"986\" height=\"986\" src=\"https:\/\/powiatwwl.pl\/wp-content\/uploads\/2026\/02\/471215420_1097417855172626_438410656441550007_n.jpg\" alt=\"\" class=\"wp-image-306\" style=\"width:109px;height:auto\" srcset=\"https:\/\/powiatwwl.pl\/wp-content\/uploads\/2026\/02\/471215420_1097417855172626_438410656441550007_n.jpg 986w, https:\/\/powiatwwl.pl\/wp-content\/uploads\/2026\/02\/471215420_1097417855172626_438410656441550007_n-300x300.jpg 300w, https:\/\/powiatwwl.pl\/wp-content\/uploads\/2026\/02\/471215420_1097417855172626_438410656441550007_n-150x150.jpg 150w, https:\/\/powiatwwl.pl\/wp-content\/uploads\/2026\/02\/471215420_1097417855172626_438410656441550007_n-768x768.jpg 768w, https:\/\/powiatwwl.pl\/wp-content\/uploads\/2026\/02\/471215420_1097417855172626_438410656441550007_n-80x80.jpg 80w, https:\/\/powiatwwl.pl\/wp-content\/uploads\/2026\/02\/471215420_1097417855172626_438410656441550007_n-320x320.jpg 320w\" sizes=\"auto, (max-width: 986px) 100vw, 986px\" \/><\/figure>\n<\/div>\n\n\n<h2 class=\"wp-block-heading\"><strong><a href=\"https:\/\/szpitalwolomin.pl\/\">Szpital w Wo\u0142ominie<\/a><\/strong><\/h2>\n\n\n\n<p><\/p>\n\n\n\n<p><\/p>\n\n\n\n<p><\/p>\n\n\n\n<hr class=\"wp-block-separator has-alpha-channel-opacity\"\/>\n\n\n\n<figure class=\"wp-block-image size-large\"><img loading=\"lazy\" decoding=\"async\" width=\"1024\" height=\"393\" src=\"https:\/\/powiatwwl.pl\/wp-content\/uploads\/2026\/02\/593908439_1302099335267271_5801828558079878695_n-1024x393.png\" alt=\"\" class=\"wp-image-684\" srcset=\"https:\/\/powiatwwl.pl\/wp-content\/uploads\/2026\/02\/593908439_1302099335267271_5801828558079878695_n-1024x393.png 1024w, https:\/\/powiatwwl.pl\/wp-content\/uploads\/2026\/02\/593908439_1302099335267271_5801828558079878695_n-300x115.png 300w, https:\/\/powiatwwl.pl\/wp-content\/uploads\/2026\/02\/593908439_1302099335267271_5801828558079878695_n-768x295.png 768w, https:\/\/powiatwwl.pl\/wp-content\/uploads\/2026\/02\/593908439_1302099335267271_5801828558079878695_n-1536x590.png 1536w, https:\/\/powiatwwl.pl\/wp-content\/uploads\/2026\/02\/593908439_1302099335267271_5801828558079878695_n.png 1624w\" sizes=\"auto, (max-width: 1024px) 100vw, 1024px\" \/><\/figure>\n\n\n\n<hr class=\"wp-block-separator has-alpha-channel-opacity\"\/>\n\n\n<div class=\"wp-block-image\">\n<figure class=\"alignleft size-full is-resized\"><img loading=\"lazy\" decoding=\"async\" width=\"986\" height=\"986\" src=\"https:\/\/powiatwwl.pl\/wp-content\/uploads\/2026\/02\/471215420_1097417855172626_438410656441550007_n.jpg\" alt=\"\" class=\"wp-image-306\" style=\"width:144px;height:auto\" srcset=\"https:\/\/powiatwwl.pl\/wp-content\/uploads\/2026\/02\/471215420_1097417855172626_438410656441550007_n.jpg 986w, https:\/\/powiatwwl.pl\/wp-content\/uploads\/2026\/02\/471215420_1097417855172626_438410656441550007_n-300x300.jpg 300w, https:\/\/powiatwwl.pl\/wp-content\/uploads\/2026\/02\/471215420_1097417855172626_438410656441550007_n-150x150.jpg 150w, https:\/\/powiatwwl.pl\/wp-content\/uploads\/2026\/02\/471215420_1097417855172626_438410656441550007_n-768x768.jpg 768w, https:\/\/powiatwwl.pl\/wp-content\/uploads\/2026\/02\/471215420_1097417855172626_438410656441550007_n-80x80.jpg 80w, https:\/\/powiatwwl.pl\/wp-content\/uploads\/2026\/02\/471215420_1097417855172626_438410656441550007_n-320x320.jpg 320w\" sizes=\"auto, (max-width: 986px) 100vw, 986px\" \/><\/figure>\n<\/div>\n\n\n<h2 class=\"wp-block-heading has-text-align-left\"><strong><a href=\"https:\/\/www.facebook.com\/szpitalwolomin\">Facebook SZPITALA<\/a><\/strong><\/h2>\n\n\n\n<p><\/p>\n\n\n\n<p><\/p>\n\n\n\n<p><\/p>\n\n\n\n<p><\/p>\n\n\n\n<p><\/p>\n\n\n\n<p><\/p>\n","protected":false},"excerpt":{"rendered":"<p>SZPITAL w Wo\u0142ominie \/ facebook\/ SZPITAL w Wo\u0142ominie \/www\/ Aktualno\u015bci Serial Szpitalny. Odcinek 1 &#8222;Apteka Szpitalna&#8221;\/VIDEO\/ Serial Szpitalny. Odcinek 2 &#8222;Oddzia\u0142 GINEKOLOGICZNO-PO\u0141O\u017bNICZY&#8221;\/VIDEO\/ Serial Szpitalny. Odcinek 3 &#8222;Apteka Szpitalna&#8221;\/VIDEO\/ Serial Szpitalny. Odcinek 4 &#8222;Apteka Szpitalna&#8221;\/VIDEO\/ Serial Szpitalny. Odcinek 6 &#8222;Apteka Szpitalna&#8221;\/VIDEO\/ Serial Szpitalny. Odcinek 7 &#8222;Zesp\u00f3\u0142 Diagnostyki Obrazowej&#8221;\/VIDEO\/ Serial Szpitalny. Odcinek&#46;&#46;&#46;<\/p>\n","protected":false},"author":1,"featured_media":0,"parent":0,"menu_order":0,"comment_status":"closed","ping_status":"open","template":"","meta":{"footnotes":""},"class_list":["post-2","page","type-page","status-publish","hentry"],"_links":{"self":[{"href":"https:\/\/powiatwwl.pl\/index.php?rest_route=\/wp\/v2\/pages\/2","targetHints":{"allow":["GET"]}}],"collection":[{"href":"https:\/\/powiatwwl.pl\/index.php?rest_route=\/wp\/v2\/pages"}],"about":[{"href":"https:\/\/powiatwwl.pl\/index.php?rest_route=\/wp\/v2\/types\/page"}],"author":[{"embeddable":true,"href":"https:\/\/powiatwwl.pl\/index.php?rest_route=\/wp\/v2\/users\/1"}],"replies":[{"embeddable":true,"href":"https:\/\/powiatwwl.pl\/index.php?rest_route=%2Fwp%2Fv2%2Fcomments&post=2"}],"version-history":[{"count":37,"href":"https:\/\/powiatwwl.pl\/index.php?rest_route=\/wp\/v2\/pages\/2\/revisions"}],"predecessor-version":[{"id":2999,"href":"https:\/\/powiatwwl.pl\/index.php?rest_route=\/wp\/v2\/pages\/2\/revisions\/2999"}],"wp:attachment":[{"href":"https:\/\/powiatwwl.pl\/index.php?rest_route=%2Fwp%2Fv2%2Fmedia&parent=2"}],"curies":[{"name":"wp","href":"https:\/\/api.w.org\/{rel}","templated":true}]}}