{"id":329,"date":"2026-02-06T09:19:08","date_gmt":"2026-02-06T08:19:08","guid":{"rendered":"http:\/\/powiatwwl.pl\/?page_id=329"},"modified":"2026-02-13T10:09:44","modified_gmt":"2026-02-13T09:09:44","slug":"kobylka","status":"publish","type":"page","link":"https:\/\/powiatwwl.pl\/?page_id=329","title":{"rendered":"KOBY\u0141KA"},"content":{"rendered":"\n<figure class=\"wp-block-image size-large\"><img loading=\"lazy\" decoding=\"async\" width=\"1024\" height=\"639\" src=\"https:\/\/powiatwwl.pl\/wp-content\/uploads\/2026\/02\/UM-Kobylka-1024x639.jpg\" alt=\"\" class=\"wp-image-664\" srcset=\"https:\/\/powiatwwl.pl\/wp-content\/uploads\/2026\/02\/UM-Kobylka-1024x639.jpg 1024w, https:\/\/powiatwwl.pl\/wp-content\/uploads\/2026\/02\/UM-Kobylka-300x187.jpg 300w, https:\/\/powiatwwl.pl\/wp-content\/uploads\/2026\/02\/UM-Kobylka-768x479.jpg 768w, https:\/\/powiatwwl.pl\/wp-content\/uploads\/2026\/02\/UM-Kobylka-1536x958.jpg 1536w, https:\/\/powiatwwl.pl\/wp-content\/uploads\/2026\/02\/UM-Kobylka.jpg 2048w\" sizes=\"auto, (max-width: 1024px) 100vw, 1024px\" \/><\/figure>\n\n\n\n<p><strong>KOBY\u0141KA<em> ( Gmina Miejska)<\/em><\/strong>. Miasto Koby\u0142ka &#8211; dynamicznie rozwijaj\u0105ca si\u0119 Gmina Miejska otwarta na nowoczesno\u015b\u0107, a jednocze\u015bnie g\u0142\u0119boko zakorzeniona w swojej historii. Miasto po\u0142o\u017cone zaledwie kilkana\u015bcie kilometr\u00f3w od Warszawy, \u0142\u0105czy wygod\u0119 \u017cycia w spokojnym otoczeniu z blisko\u015bci\u0105 stolicy.<\/p>\n\n\n\n<p>Historia Nowoczesna:<\/p>\n\n\n<div class=\"wp-block-image\">\n<figure class=\"alignleft size-full is-resized\"><img loading=\"lazy\" decoding=\"async\" width=\"205\" height=\"246\" src=\"https:\/\/powiatwwl.pl\/wp-content\/uploads\/2026\/02\/images.png\" alt=\"\" class=\"wp-image-666\" style=\"width:133px;height:auto\"\/><\/figure>\n<\/div>\n\n\n<p>Wybuch wojny w dniu 1 wrze\u015bnia 1939 roku da\u0142 o sobie zna\u0107 nalotami na stolic\u0119. W dniu 3 wrze\u015bnia polski my\u015bliwiec zestrzeli\u0142 nad Koby\u0142k\u0105 hitlerowski samolot typu Heinkel 111. W dniu tym niemiecki komunikat radiowy \u0142ga\u0142 bez zaj\u0105kni\u0119cia &#8222;wszystkie nasze samoloty wr\u00f3ci\u0142y do bazy&#8221;. Ofensywa hitlerowska z Prus Wschodnich dotar\u0142a do Koby\u0142ki ju\u017c 12 wrze\u015bnia. Nie napotykaj\u0105c oporu, wojska wroga przesz\u0142y w kierunku Pragi.<\/p>\n\n\n\n<p>Lata wojny w Koby\u0142ce znaczy\u0142y si\u0119 konfiskatami, rabunkiem, terrorem, rozstrzeliwaniem podejrzanych o przechowywanie broni. Aresztowani zostali nauczyciele i znaczniejsi obywatele, z kt\u00f3rych wielu nie powr\u00f3ci\u0142o z oboz\u00f3w koncentracyjnych. Skromna tablica upami\u0119tniaj\u0105ca te czasy znajduje si\u0119 po\u015brodku rynku. Gehenn\u0119 przechodzi ludno\u015b\u0107 \u017cydowska s\u0105siedniego Wo\u0142omina, gdzie w roku 1940 stworzono getto obejmuj\u0105ce tak\u017ce kilka budynk\u00f3w Sosn\u00f3wki. Getto zlikwidowano bestialsko przez wymordowanie w 1942 roku oko\u0142o 400 jego mieszka\u0144c\u00f3w w\u015br\u00f3d wydm i zagajnik\u00f3w Zalaska, reszt\u0119 wywo\u017c\u0105c do Treblinki. Narasta op\u00f3r ludno\u015bci tak spontaniczny jak i zorganizowany. Powstaje sp\u00f3\u0142dzielnia samopomocy, a w konspiracji plac\u00f3wka Armii Krajowej, kt\u00f3rej komendantem by\u0142 nauczyciel Feliks Kowalski.<\/p>\n\n\n\n<p>Przyk\u0142adem solidarno\u015bci obywatelskiej mo\u017ce by\u0107 fakt wykradzenia i ukrycia przez rodzin\u0119 Kalisiak\u00f3w dw\u00f3ch dzwon\u00f3w ko\u015bcielnych przeznaczonych na przetopienie.<\/p>\n\n\n\n<p>Tymczasem wojna szalej\u0105ca na odleg\u0142ych frontach zbli\u017cy\u0142a si\u0119 latem 1944 roku gwa\u0142townie do osady. Czo\u0142owe oddzia\u0142y radzieckiej Drugiej Armii Pancernej klinem wdzieraj\u0105cej si\u0119 pod Warszaw\u0119 zajmuj\u0105 30 lipca Koby\u0142k\u0119. Rado\u015b\u0107 by\u0142a powszechna. Niestety po kilku dniach kontrofensywa doborowych pancernych dywizji &#8222;Hermann Goering&#8221; i &#8222;Totenkopf&#8221; poprzedzone nalotami bombowymi odrzuca pancerniak\u00f3w radzieckich. Po zaci\u0119tej bitwie w Koby\u0142ce pozosta\u0142o oko\u0142o 15 wrak\u00f3w wypalonych czo\u0142g\u00f3w obu armii.<\/p>\n\n\n\n<p>Hitlerowcy po powrocie morduj\u0105 i wywo\u017c\u0105 podejrzanych o udzia\u0142 w ruchu oporu. Przez nast\u0119pny miesi\u0105c miejscowo\u015b\u0107 pozostaje w strefie walk frontowych. 7 wrze\u015bnia 1944 roku piechota radziecka wypiera z Koby\u0142ki wojska hitlerowskie. Dzie\u0144 ten uznany zosta\u0142 \u015bwi\u0119tem miasta.<\/p>\n\n\n\n<p>Natychmiast organizuj\u0105 si\u0119 polskie w\u0142adze samorz\u0105dowe. Uruchomiona zostaje przez miejscowego nauczyciela J\u00f3zefa Kask\u0119 szko\u0142a powszechna. Na wezwanie Rz\u0105du Tymczasowego grupa m\u0119\u017cczyzn wyrusza w pocz\u0105tkach pa\u017adziernika do formuj\u0105cego si\u0119 Wojska Polskiego.<\/p>\n\n\n\n<p>Lata powojenne wype\u0142nia trud odbudowy zniszcze\u0144. Zabytkowy ko\u015bci\u00f3\u0142 poddany zostaje renowacji. Zniszczon\u0105 w ostatnim dniu okupacji wie\u017c\u0119 odbudowa\u0142 wed\u0142ug projektu architekta Brunona Zborowskiego miejscowy mistrz murarski Bronis\u0142aw Plewczy\u0144ski. Rozw\u00f3j stolicy przy ograniczeniu do niej dop\u0142ywu ludno\u015bci zwi\u0119ksza w Koby\u0142ce ruch budowlany o charakterze willowym. Powstaj\u0105 nowe zak\u0142ady us\u0142ugowe i przemys\u0142owe, mi\u0119dzy innymi Przemys\u0142owy Instytut Maszyn Budowlanych b\u0119d\u0105cy instytucj\u0105 o znaczeniu og\u00f3lnopa\u0144stwowym, Zak\u0142ady Telefoniczne &#8222;Telcent&#8221;, Zak\u0142ady Anten. Inwestycje komunalne obejmuj\u0105 uporz\u0105dkowanie zabudowy miasta, elektryfikacj\u0119, sie\u0107 gazow\u0105, asfaltowanie ulic, rozbudow\u0119 szko\u0142y i miejskiego o\u015brodka kultury, zalesienie nieu\u017cytk\u00f3w.<\/p>\n\n\n\n<p>W nowym podziale administracyjnym w 1952 roku Koby\u0142ka w\u0142\u0105czona zostaje do powiatu wo\u0142omi\u0144skiego. W roku 1969 Koby\u0142ka uzyskuje prawa miejskie\u201d.<\/p>\n\n\n\n<h4 class=\"wp-block-heading\">Zako\u0144czenie<\/h4>\n\n\n\n<p>Rozw\u00f3j Koby\u0142ki nast\u0105pi\u0142 w okresie mi\u0119dzywojennym oraz ju\u017c w czasach najnowszych. Pozytywny wp\u0142yw mia\u0142a na to niew\u0105tpliwie sto\u0142eczna Warszawa. W latach dziewi\u0119\u0107dziesi\u0105tych nast\u0105pi\u0142 znaczny rozw\u00f3j infrastruktury miejskiej, prowadzone by\u0142y intensywne prace w zakresie budowy i modernizacji obiekt\u00f3w zwi\u0105zanych z o\u015bwiat\u0105, kultur\u0105, sportem, mieszkalnictwem komunalnym. W 1992 r. poszerzono granice Koby\u0142ki o Tur\u00f3w i Kobylak na mocy Rozporz\u0105dzenia Rady Ministr\u00f3w z dnia 19.12.1992r (Dz.U. Nr 100 poz.500).<\/p>\n\n\n\n<p>Obecnie systematycznie wzrasta liczba ludno\u015bci miasta (w roku 1997 \u2013 15 300 , w roku 2000 -16 000 , w roku 2004 prawie 17 000 mieszka\u0144c\u00f3w, a\u017c do niespe\u0142na 19 000 obecnie), intensywnie rozwija si\u0119 budownictwo mieszkaniowe, g\u0142\u00f3wnie jednorodzinne.<\/p>\n\n\n\n<p>W roku 2004 po przyst\u0105pieniu Polski do Unii Europejskiej pojawia si\u0119 dla miasta szansa pozyskania du\u017cych \u015brodk\u00f3w z funduszy unijnych i dalszego jego rozwoju.<\/p>\n\n\n\n<p>\u017ar\u00f3d\u0142o: kobylka.pl<\/p>\n\n\n\n<p>foto \u017ar\u00f3d\u0142o: glosseniora.pl<\/p>\n\n\n<div class=\"wp-block-image\">\n<figure class=\"alignleft size-large is-resized\"><img loading=\"lazy\" decoding=\"async\" width=\"1024\" height=\"1024\" src=\"https:\/\/powiatwwl.pl\/wp-content\/uploads\/2026\/02\/pw-2-1024x1024.jpg\" alt=\"\" class=\"wp-image-442\" style=\"width:92px;height:auto\" srcset=\"https:\/\/powiatwwl.pl\/wp-content\/uploads\/2026\/02\/pw-2-1024x1024.jpg 1024w, https:\/\/powiatwwl.pl\/wp-content\/uploads\/2026\/02\/pw-2-300x300.jpg 300w, https:\/\/powiatwwl.pl\/wp-content\/uploads\/2026\/02\/pw-2-150x150.jpg 150w, https:\/\/powiatwwl.pl\/wp-content\/uploads\/2026\/02\/pw-2-768x768.jpg 768w, https:\/\/powiatwwl.pl\/wp-content\/uploads\/2026\/02\/pw-2-80x80.jpg 80w, https:\/\/powiatwwl.pl\/wp-content\/uploads\/2026\/02\/pw-2-320x320.jpg 320w, https:\/\/powiatwwl.pl\/wp-content\/uploads\/2026\/02\/pw-2.jpg 1280w\" sizes=\"auto, (max-width: 1024px) 100vw, 1024px\" \/><\/figure>\n<\/div>\n\n\n<h2 class=\"wp-block-heading\"><strong><a href=\"https:\/\/kobylka.pl\/\">KOBY\u0141KA<\/a><\/strong><\/h2>\n\n\n\n<p><\/p>\n","protected":false},"excerpt":{"rendered":"<p>KOBY\u0141KA ( Gmina Miejska). Miasto Koby\u0142ka &#8211; dynamicznie rozwijaj\u0105ca si\u0119 Gmina Miejska otwarta na nowoczesno\u015b\u0107, a jednocze\u015bnie g\u0142\u0119boko zakorzeniona w swojej historii. Miasto po\u0142o\u017cone zaledwie kilkana\u015bcie kilometr\u00f3w od Warszawy, \u0142\u0105czy wygod\u0119 \u017cycia w spokojnym otoczeniu z blisko\u015bci\u0105 stolicy. Historia Nowoczesna: Wybuch wojny w dniu 1 wrze\u015bnia 1939 roku da\u0142 o&#46;&#46;&#46;<\/p>\n","protected":false},"author":1,"featured_media":0,"parent":0,"menu_order":0,"comment_status":"closed","ping_status":"closed","template":"","meta":{"footnotes":""},"class_list":["post-329","page","type-page","status-publish","hentry"],"_links":{"self":[{"href":"https:\/\/powiatwwl.pl\/index.php?rest_route=\/wp\/v2\/pages\/329","targetHints":{"allow":["GET"]}}],"collection":[{"href":"https:\/\/powiatwwl.pl\/index.php?rest_route=\/wp\/v2\/pages"}],"about":[{"href":"https:\/\/powiatwwl.pl\/index.php?rest_route=\/wp\/v2\/types\/page"}],"author":[{"embeddable":true,"href":"https:\/\/powiatwwl.pl\/index.php?rest_route=\/wp\/v2\/users\/1"}],"replies":[{"embeddable":true,"href":"https:\/\/powiatwwl.pl\/index.php?rest_route=%2Fwp%2Fv2%2Fcomments&post=329"}],"version-history":[{"count":7,"href":"https:\/\/powiatwwl.pl\/index.php?rest_route=\/wp\/v2\/pages\/329\/revisions"}],"predecessor-version":[{"id":855,"href":"https:\/\/powiatwwl.pl\/index.php?rest_route=\/wp\/v2\/pages\/329\/revisions\/855"}],"wp:attachment":[{"href":"https:\/\/powiatwwl.pl\/index.php?rest_route=%2Fwp%2Fv2%2Fmedia&parent=329"}],"curies":[{"name":"wp","href":"https:\/\/api.w.org\/{rel}","templated":true}]}}