{"id":354,"date":"2026-02-06T09:52:07","date_gmt":"2026-02-06T08:52:07","guid":{"rendered":"http:\/\/powiatwwl.pl\/?page_id=354"},"modified":"2026-02-13T10:07:40","modified_gmt":"2026-02-13T09:07:40","slug":"tluszcz","status":"publish","type":"page","link":"https:\/\/powiatwwl.pl\/?page_id=354","title":{"rendered":"T\u0141USZCZ"},"content":{"rendered":"<div class=\"wp-block-image\">\n<figure class=\"aligncenter size-large\"><img loading=\"lazy\" decoding=\"async\" width=\"1024\" height=\"683\" src=\"https:\/\/powiatwwl.pl\/wp-content\/uploads\/2026\/02\/467819386_9176081979091377_5029667391083588523_n-1024x683.jpg\" alt=\"\" class=\"wp-image-846\" srcset=\"https:\/\/powiatwwl.pl\/wp-content\/uploads\/2026\/02\/467819386_9176081979091377_5029667391083588523_n-1024x683.jpg 1024w, https:\/\/powiatwwl.pl\/wp-content\/uploads\/2026\/02\/467819386_9176081979091377_5029667391083588523_n-300x200.jpg 300w, https:\/\/powiatwwl.pl\/wp-content\/uploads\/2026\/02\/467819386_9176081979091377_5029667391083588523_n-768x512.jpg 768w, https:\/\/powiatwwl.pl\/wp-content\/uploads\/2026\/02\/467819386_9176081979091377_5029667391083588523_n-1536x1024.jpg 1536w, https:\/\/powiatwwl.pl\/wp-content\/uploads\/2026\/02\/467819386_9176081979091377_5029667391083588523_n.jpg 2048w\" sizes=\"auto, (max-width: 1024px) 100vw, 1024px\" \/><\/figure>\n<\/div>\n\n<div class=\"wp-block-image\">\n<figure class=\"alignleft size-large is-resized\"><img loading=\"lazy\" decoding=\"async\" width=\"816\" height=\"1024\" src=\"https:\/\/powiatwwl.pl\/wp-content\/uploads\/2026\/02\/POL_Tluszcz_COA.svg_-816x1024.png\" alt=\"\" class=\"wp-image-845\" style=\"aspect-ratio:0.7968829408775199;width:102px;height:auto\" srcset=\"https:\/\/powiatwwl.pl\/wp-content\/uploads\/2026\/02\/POL_Tluszcz_COA.svg_-816x1024.png 816w, https:\/\/powiatwwl.pl\/wp-content\/uploads\/2026\/02\/POL_Tluszcz_COA.svg_-239x300.png 239w, https:\/\/powiatwwl.pl\/wp-content\/uploads\/2026\/02\/POL_Tluszcz_COA.svg_-768x964.png 768w, https:\/\/powiatwwl.pl\/wp-content\/uploads\/2026\/02\/POL_Tluszcz_COA.svg_.png 960w\" sizes=\"auto, (max-width: 816px) 100vw, 816px\" \/><\/figure>\n<\/div>\n\n\n<p><strong>T\u0141USZCZ<em> (Gmina Miejsko-Wiejska)<\/em><\/strong><\/p>\n\n\n\n<p><strong>T\u0142uszcz<\/strong>&nbsp;\u2013&nbsp;<a href=\"https:\/\/pl.wikipedia.org\/wiki\/Miasto\">miasto<\/a>&nbsp;w&nbsp;<a href=\"https:\/\/pl.wikipedia.org\/wiki\/Wojew%C3%B3dztwo_mazowieckie\">woj. mazowieckim<\/a>, w&nbsp;<a href=\"https:\/\/pl.wikipedia.org\/wiki\/Powiat_wo%C5%82omi%C5%84ski\">powiecie wo\u0142omi\u0144skim<\/a>, siedziba&nbsp;<a href=\"https:\/\/pl.wikipedia.org\/wiki\/T%C5%82uszcz_(gmina)\">gminy miejsko-wiejskiej T\u0142uszcz<\/a>. T\u0142uszcz uzyska\u0142 prawa miejskie w 1967. Wie\u015b kr\u00f3lewska&nbsp;<em>T\u0142u\u015bciec<\/em>&nbsp;po\u0142o\u017cona by\u0142a w drugiej po\u0142owie XVI wieku w powiecie kamienieckim&nbsp;<a href=\"https:\/\/pl.wikipedia.org\/wiki\/Ziemia_nurska\">ziemi nurskiej<\/a>&nbsp;<a href=\"https:\/\/pl.wikipedia.org\/wiki\/Wojew%C3%B3dztwo_mazowieckie_(I_Rzeczpospolita)\">wojew\u00f3dztwa mazowieckiego<\/a><sup><a href=\"https:\/\/pl.wikipedia.org\/wiki\/T%C5%82uszcz_(miasto)#cite_note-3\">[3]<\/a><\/sup>.&nbsp;<a href=\"https:\/\/pl.wikipedia.org\/wiki\/Podzia%C5%82_administracyjny_Polski_(1975%E2%80%931998)\">W latach 1975\u20131998<\/a>&nbsp;miasto administracyjnie nale\u017ca\u0142o do&nbsp;<a href=\"https:\/\/pl.wikipedia.org\/wiki\/Wojew%C3%B3dztwo_ostro%C5%82%C4%99ckie\">woj. ostro\u0142\u0119ckiego<\/a>. Przez miejscowo\u015b\u0107 przep\u0142ywa rzeka&nbsp;<a href=\"https:\/\/pl.wikipedia.org\/wiki\/Cienka\">Cienka<\/a>, dop\u0142yw&nbsp;<a href=\"https:\/\/pl.wikipedia.org\/wiki\/Rz%C4%85dza_(rzeka)\">Rz\u0105dzy<\/a>.<\/p>\n\n\n\n<p><em>\u017ar\u00f3d\u0142o: Wikipedia<\/em><\/p>\n\n\n\n<p><em>foto \u017ar\u00f3d\u0142o: Towarzystwo Przyjaci\u00f3\u0142 Ziemi T\u0142uszcza\u0144skiej.<\/em><\/p>\n\n\n<div class=\"wp-block-image\">\n<figure class=\"alignleft size-large is-resized\"><img loading=\"lazy\" decoding=\"async\" width=\"1024\" height=\"1024\" src=\"https:\/\/powiatwwl.pl\/wp-content\/uploads\/2026\/02\/pw-2-1024x1024.jpg\" alt=\"\" class=\"wp-image-442\" style=\"width:108px;height:auto\" srcset=\"https:\/\/powiatwwl.pl\/wp-content\/uploads\/2026\/02\/pw-2-1024x1024.jpg 1024w, https:\/\/powiatwwl.pl\/wp-content\/uploads\/2026\/02\/pw-2-300x300.jpg 300w, https:\/\/powiatwwl.pl\/wp-content\/uploads\/2026\/02\/pw-2-150x150.jpg 150w, https:\/\/powiatwwl.pl\/wp-content\/uploads\/2026\/02\/pw-2-768x768.jpg 768w, https:\/\/powiatwwl.pl\/wp-content\/uploads\/2026\/02\/pw-2-80x80.jpg 80w, https:\/\/powiatwwl.pl\/wp-content\/uploads\/2026\/02\/pw-2-320x320.jpg 320w, https:\/\/powiatwwl.pl\/wp-content\/uploads\/2026\/02\/pw-2.jpg 1280w\" sizes=\"auto, (max-width: 1024px) 100vw, 1024px\" \/><\/figure>\n<\/div>\n\n\n<h2 class=\"wp-block-heading\"><strong><a href=\"http:\/\/www.tluszcz.pl\">T\u0141USZCZ<\/a><\/strong><\/h2>\n\n\n\n<p><\/p>\n","protected":false},"excerpt":{"rendered":"<p>T\u0141USZCZ (Gmina Miejsko-Wiejska) T\u0142uszcz&nbsp;\u2013&nbsp;miasto&nbsp;w&nbsp;woj. mazowieckim, w&nbsp;powiecie wo\u0142omi\u0144skim, siedziba&nbsp;gminy miejsko-wiejskiej T\u0142uszcz. T\u0142uszcz uzyska\u0142 prawa miejskie w 1967. Wie\u015b kr\u00f3lewska&nbsp;T\u0142u\u015bciec&nbsp;po\u0142o\u017cona by\u0142a w drugiej po\u0142owie XVI wieku w powiecie kamienieckim&nbsp;ziemi nurskiej&nbsp;wojew\u00f3dztwa mazowieckiego[3].&nbsp;W latach 1975\u20131998&nbsp;miasto administracyjnie nale\u017ca\u0142o do&nbsp;woj. ostro\u0142\u0119ckiego. Przez miejscowo\u015b\u0107 przep\u0142ywa rzeka&nbsp;Cienka, dop\u0142yw&nbsp;Rz\u0105dzy. \u017ar\u00f3d\u0142o: Wikipedia foto \u017ar\u00f3d\u0142o: Towarzystwo Przyjaci\u00f3\u0142 Ziemi T\u0142uszcza\u0144skiej. T\u0141USZCZ<\/p>\n","protected":false},"author":1,"featured_media":0,"parent":0,"menu_order":0,"comment_status":"closed","ping_status":"closed","template":"","meta":{"footnotes":""},"class_list":["post-354","page","type-page","status-publish","hentry"],"_links":{"self":[{"href":"https:\/\/powiatwwl.pl\/index.php?rest_route=\/wp\/v2\/pages\/354","targetHints":{"allow":["GET"]}}],"collection":[{"href":"https:\/\/powiatwwl.pl\/index.php?rest_route=\/wp\/v2\/pages"}],"about":[{"href":"https:\/\/powiatwwl.pl\/index.php?rest_route=\/wp\/v2\/types\/page"}],"author":[{"embeddable":true,"href":"https:\/\/powiatwwl.pl\/index.php?rest_route=\/wp\/v2\/users\/1"}],"replies":[{"embeddable":true,"href":"https:\/\/powiatwwl.pl\/index.php?rest_route=%2Fwp%2Fv2%2Fcomments&post=354"}],"version-history":[{"count":3,"href":"https:\/\/powiatwwl.pl\/index.php?rest_route=\/wp\/v2\/pages\/354\/revisions"}],"predecessor-version":[{"id":854,"href":"https:\/\/powiatwwl.pl\/index.php?rest_route=\/wp\/v2\/pages\/354\/revisions\/854"}],"wp:attachment":[{"href":"https:\/\/powiatwwl.pl\/index.php?rest_route=%2Fwp%2Fv2%2Fmedia&parent=354"}],"curies":[{"name":"wp","href":"https:\/\/api.w.org\/{rel}","templated":true}]}}