{"id":533,"date":"2026-02-08T12:28:08","date_gmt":"2026-02-08T11:28:08","guid":{"rendered":"http:\/\/powiatwwl.pl\/?page_id=533"},"modified":"2026-04-16T12:53:06","modified_gmt":"2026-04-16T10:53:06","slug":"video","status":"publish","type":"page","link":"https:\/\/powiatwwl.pl\/?page_id=533","title":{"rendered":"VIDEO"},"content":{"rendered":"\n<hr class=\"wp-block-separator aligncenter has-alpha-channel-opacity\"\/>\n\n\n\n<figure class=\"wp-block-embed is-type-video is-provider-youtube wp-block-embed-youtube wp-embed-aspect-16-9 wp-has-aspect-ratio\"><div class=\"wp-block-embed__wrapper\">\n<div class=\"video-container\"><iframe loading=\"lazy\" title=\"Per\u0142y Mazowsza 2025 - Gala w Markach\" width=\"500\" height=\"281\" src=\"https:\/\/www.youtube.com\/embed\/rFKcdmrkDqw?feature=oembed&#038;wmode=opaque\" frameborder=\"0\" allow=\"accelerometer; autoplay; clipboard-write; encrypted-media; gyroscope; picture-in-picture; web-share\" referrerpolicy=\"strict-origin-when-cross-origin\" allowfullscreen><\/iframe><\/div>\n<\/div><\/figure>\n\n\n\n<hr class=\"wp-block-separator aligncenter has-alpha-channel-opacity\"\/>\n\n\n\n<figure class=\"wp-block-embed is-type-video is-provider-youtube wp-block-embed-youtube wp-embed-aspect-16-9 wp-has-aspect-ratio\"><div class=\"wp-block-embed__wrapper\">\n<div class=\"video-container\"><iframe loading=\"lazy\" title=\"Wielkanoc 2026, Warszawska Star\u00f3wka, poniedzia\u0142ek 6.04.2026\" width=\"500\" height=\"281\" src=\"https:\/\/www.youtube.com\/embed\/tN4feJ3ekL4?feature=oembed&#038;wmode=opaque\" frameborder=\"0\" allow=\"accelerometer; autoplay; clipboard-write; encrypted-media; gyroscope; picture-in-picture; web-share\" referrerpolicy=\"strict-origin-when-cross-origin\" allowfullscreen><\/iframe><\/div>\n<\/div><\/figure>\n\n\n\n<hr class=\"wp-block-separator aligncenter has-alpha-channel-opacity\"\/>\n\n\n<div class=\"wp-block-image\">\n<figure class=\"aligncenter size-large is-resized\"><img loading=\"lazy\" decoding=\"async\" width=\"1024\" height=\"1024\" src=\"https:\/\/powiatwwl.pl\/wp-content\/uploads\/2026\/03\/PW-logok-Zdjecie-profilowe-na-Facebooka-6-1024x1024.jpg\" alt=\"\" class=\"wp-image-1976\" style=\"width:111px;height:auto\" srcset=\"https:\/\/powiatwwl.pl\/wp-content\/uploads\/2026\/03\/PW-logok-Zdjecie-profilowe-na-Facebooka-6-1024x1024.jpg 1024w, https:\/\/powiatwwl.pl\/wp-content\/uploads\/2026\/03\/PW-logok-Zdjecie-profilowe-na-Facebooka-6-300x300.jpg 300w, https:\/\/powiatwwl.pl\/wp-content\/uploads\/2026\/03\/PW-logok-Zdjecie-profilowe-na-Facebooka-6-150x150.jpg 150w, https:\/\/powiatwwl.pl\/wp-content\/uploads\/2026\/03\/PW-logok-Zdjecie-profilowe-na-Facebooka-6-768x768.jpg 768w, https:\/\/powiatwwl.pl\/wp-content\/uploads\/2026\/03\/PW-logok-Zdjecie-profilowe-na-Facebooka-6-80x80.jpg 80w, https:\/\/powiatwwl.pl\/wp-content\/uploads\/2026\/03\/PW-logok-Zdjecie-profilowe-na-Facebooka-6-320x320.jpg 320w, https:\/\/powiatwwl.pl\/wp-content\/uploads\/2026\/03\/PW-logok-Zdjecie-profilowe-na-Facebooka-6.jpg 1280w\" sizes=\"auto, (max-width: 1024px) 100vw, 1024px\" \/><\/figure>\n<\/div>\n\n\n<h2 class=\"wp-block-heading has-text-align-center\"><a href=\"https:\/\/www.facebook.com\/reel\/962009263190470\">Arkadiusz WERELICH Starosta Wo\u0142omi\u0144ski &#8211; &#8222;Do\u015bwietlenia przej\u015b\u0107 dla pieszych  na drogach powiatowych&#8221;, kwiecie\u0144 2026<\/a><\/h2>\n\n\n\n<hr class=\"wp-block-separator aligncenter has-alpha-channel-opacity\"\/>\n\n\n\n<figure class=\"wp-block-embed is-type-video is-provider-youtube wp-block-embed-youtube wp-embed-aspect-16-9 wp-has-aspect-ratio\"><div class=\"wp-block-embed__wrapper\">\n<div class=\"video-container\"><iframe loading=\"lazy\" title=\"XXIV sesja Rady Powiatu Wo\u0142omi\u0144skiego, marzec 2026\" width=\"500\" height=\"281\" src=\"https:\/\/www.youtube.com\/embed\/Earjoac1MI0?feature=oembed&#038;wmode=opaque\" frameborder=\"0\" allow=\"accelerometer; autoplay; clipboard-write; encrypted-media; gyroscope; picture-in-picture; web-share\" referrerpolicy=\"strict-origin-when-cross-origin\" allowfullscreen><\/iframe><\/div>\n<\/div><\/figure>\n\n\n\n<hr class=\"wp-block-separator aligncenter has-alpha-channel-opacity\"\/>\n\n\n<div class=\"wp-block-image\">\n<figure class=\"aligncenter size-large is-resized\"><img loading=\"lazy\" decoding=\"async\" width=\"1024\" height=\"1024\" src=\"https:\/\/powiatwwl.pl\/wp-content\/uploads\/2026\/03\/PW-logok-Zdjecie-profilowe-na-Facebooka-6-1024x1024.jpg\" alt=\"\" class=\"wp-image-1976\" style=\"width:110px;height:auto\" srcset=\"https:\/\/powiatwwl.pl\/wp-content\/uploads\/2026\/03\/PW-logok-Zdjecie-profilowe-na-Facebooka-6-1024x1024.jpg 1024w, https:\/\/powiatwwl.pl\/wp-content\/uploads\/2026\/03\/PW-logok-Zdjecie-profilowe-na-Facebooka-6-300x300.jpg 300w, https:\/\/powiatwwl.pl\/wp-content\/uploads\/2026\/03\/PW-logok-Zdjecie-profilowe-na-Facebooka-6-150x150.jpg 150w, https:\/\/powiatwwl.pl\/wp-content\/uploads\/2026\/03\/PW-logok-Zdjecie-profilowe-na-Facebooka-6-768x768.jpg 768w, https:\/\/powiatwwl.pl\/wp-content\/uploads\/2026\/03\/PW-logok-Zdjecie-profilowe-na-Facebooka-6-80x80.jpg 80w, https:\/\/powiatwwl.pl\/wp-content\/uploads\/2026\/03\/PW-logok-Zdjecie-profilowe-na-Facebooka-6-320x320.jpg 320w, https:\/\/powiatwwl.pl\/wp-content\/uploads\/2026\/03\/PW-logok-Zdjecie-profilowe-na-Facebooka-6.jpg 1280w\" sizes=\"auto, (max-width: 1024px) 100vw, 1024px\" \/><\/figure>\n<\/div>\n\n\n<h2 class=\"wp-block-heading has-text-align-center\"><a href=\"https:\/\/www.facebook.com\/reel\/1431242365159746\">Nikola WO\u0179NIAK &#8211; IMPREZA CHARYTATYWNA w Zielonce, TVP3, marzec 2026<\/a><\/h2>\n\n\n\n<hr class=\"wp-block-separator aligncenter has-alpha-channel-opacity\"\/>\n\n\n<div class=\"wp-block-image\">\n<figure class=\"aligncenter size-large is-resized\"><img loading=\"lazy\" decoding=\"async\" width=\"1024\" height=\"1024\" src=\"https:\/\/powiatwwl.pl\/wp-content\/uploads\/2026\/03\/PW-logok-Zdjecie-profilowe-na-Facebooka-6-1024x1024.jpg\" alt=\"\" class=\"wp-image-1976\" style=\"width:108px;height:auto\" srcset=\"https:\/\/powiatwwl.pl\/wp-content\/uploads\/2026\/03\/PW-logok-Zdjecie-profilowe-na-Facebooka-6-1024x1024.jpg 1024w, https:\/\/powiatwwl.pl\/wp-content\/uploads\/2026\/03\/PW-logok-Zdjecie-profilowe-na-Facebooka-6-300x300.jpg 300w, https:\/\/powiatwwl.pl\/wp-content\/uploads\/2026\/03\/PW-logok-Zdjecie-profilowe-na-Facebooka-6-150x150.jpg 150w, https:\/\/powiatwwl.pl\/wp-content\/uploads\/2026\/03\/PW-logok-Zdjecie-profilowe-na-Facebooka-6-768x768.jpg 768w, https:\/\/powiatwwl.pl\/wp-content\/uploads\/2026\/03\/PW-logok-Zdjecie-profilowe-na-Facebooka-6-80x80.jpg 80w, https:\/\/powiatwwl.pl\/wp-content\/uploads\/2026\/03\/PW-logok-Zdjecie-profilowe-na-Facebooka-6-320x320.jpg 320w, https:\/\/powiatwwl.pl\/wp-content\/uploads\/2026\/03\/PW-logok-Zdjecie-profilowe-na-Facebooka-6.jpg 1280w\" sizes=\"auto, (max-width: 1024px) 100vw, 1024px\" \/><\/figure>\n<\/div>\n\n\n<h2 class=\"wp-block-heading has-text-align-center\"><a href=\"https:\/\/www.facebook.com\/reel\/1384433650390898\">KOMPUTERY i TABLETY dla POWIATOWYCH SZK\u00d3\u0141, marzec 2026<\/a><\/h2>\n\n\n\n<hr class=\"wp-block-separator aligncenter has-alpha-channel-opacity\"\/>\n\n\n<div class=\"wp-block-image\">\n<figure class=\"aligncenter size-large is-resized\"><img loading=\"lazy\" decoding=\"async\" width=\"1024\" height=\"1024\" src=\"https:\/\/powiatwwl.pl\/wp-content\/uploads\/2026\/03\/PW-logok-Zdjecie-profilowe-na-Facebooka-6-1024x1024.jpg\" alt=\"\" class=\"wp-image-1976\" style=\"width:109px;height:auto\" srcset=\"https:\/\/powiatwwl.pl\/wp-content\/uploads\/2026\/03\/PW-logok-Zdjecie-profilowe-na-Facebooka-6-1024x1024.jpg 1024w, https:\/\/powiatwwl.pl\/wp-content\/uploads\/2026\/03\/PW-logok-Zdjecie-profilowe-na-Facebooka-6-300x300.jpg 300w, https:\/\/powiatwwl.pl\/wp-content\/uploads\/2026\/03\/PW-logok-Zdjecie-profilowe-na-Facebooka-6-150x150.jpg 150w, https:\/\/powiatwwl.pl\/wp-content\/uploads\/2026\/03\/PW-logok-Zdjecie-profilowe-na-Facebooka-6-768x768.jpg 768w, https:\/\/powiatwwl.pl\/wp-content\/uploads\/2026\/03\/PW-logok-Zdjecie-profilowe-na-Facebooka-6-80x80.jpg 80w, https:\/\/powiatwwl.pl\/wp-content\/uploads\/2026\/03\/PW-logok-Zdjecie-profilowe-na-Facebooka-6-320x320.jpg 320w, https:\/\/powiatwwl.pl\/wp-content\/uploads\/2026\/03\/PW-logok-Zdjecie-profilowe-na-Facebooka-6.jpg 1280w\" sizes=\"auto, (max-width: 1024px) 100vw, 1024px\" \/><\/figure>\n<\/div>\n\n\n<h2 class=\"wp-block-heading has-text-align-center\"><a href=\"https:\/\/www.facebook.com\/reel\/977820641263895\">INTERPELACJA STAROSTY i RADNYCH SEJMIKU, marzec 2026<\/a><\/h2>\n\n\n\n<hr class=\"wp-block-separator aligncenter has-alpha-channel-opacity\"\/>\n\n\n<div class=\"wp-block-image\">\n<figure class=\"aligncenter size-large is-resized\"><img loading=\"lazy\" decoding=\"async\" width=\"1024\" height=\"1024\" src=\"https:\/\/powiatwwl.pl\/wp-content\/uploads\/2026\/03\/PW-logok-Zdjecie-profilowe-na-Facebooka-6-1024x1024.jpg\" alt=\"\" class=\"wp-image-1976\" style=\"width:110px;height:auto\" srcset=\"https:\/\/powiatwwl.pl\/wp-content\/uploads\/2026\/03\/PW-logok-Zdjecie-profilowe-na-Facebooka-6-1024x1024.jpg 1024w, https:\/\/powiatwwl.pl\/wp-content\/uploads\/2026\/03\/PW-logok-Zdjecie-profilowe-na-Facebooka-6-300x300.jpg 300w, https:\/\/powiatwwl.pl\/wp-content\/uploads\/2026\/03\/PW-logok-Zdjecie-profilowe-na-Facebooka-6-150x150.jpg 150w, https:\/\/powiatwwl.pl\/wp-content\/uploads\/2026\/03\/PW-logok-Zdjecie-profilowe-na-Facebooka-6-768x768.jpg 768w, https:\/\/powiatwwl.pl\/wp-content\/uploads\/2026\/03\/PW-logok-Zdjecie-profilowe-na-Facebooka-6-80x80.jpg 80w, https:\/\/powiatwwl.pl\/wp-content\/uploads\/2026\/03\/PW-logok-Zdjecie-profilowe-na-Facebooka-6-320x320.jpg 320w, https:\/\/powiatwwl.pl\/wp-content\/uploads\/2026\/03\/PW-logok-Zdjecie-profilowe-na-Facebooka-6.jpg 1280w\" sizes=\"auto, (max-width: 1024px) 100vw, 1024px\" \/><\/figure>\n<\/div>\n\n\n<h2 class=\"wp-block-heading has-text-align-center\"><a href=\"https:\/\/www.facebook.com\/reel\/2437829740016871\">TRICITY Rummikub CUP, marzec 2026<\/a><\/h2>\n\n\n\n<hr class=\"wp-block-separator aligncenter has-alpha-channel-opacity\"\/>\n\n\n<div class=\"wp-block-image\">\n<figure class=\"aligncenter size-large is-resized\"><img loading=\"lazy\" decoding=\"async\" width=\"1024\" height=\"1024\" src=\"https:\/\/powiatwwl.pl\/wp-content\/uploads\/2026\/03\/PW-logok-Zdjecie-profilowe-na-Facebooka-6-1024x1024.jpg\" alt=\"\" class=\"wp-image-1976\" style=\"width:107px;height:auto\" srcset=\"https:\/\/powiatwwl.pl\/wp-content\/uploads\/2026\/03\/PW-logok-Zdjecie-profilowe-na-Facebooka-6-1024x1024.jpg 1024w, https:\/\/powiatwwl.pl\/wp-content\/uploads\/2026\/03\/PW-logok-Zdjecie-profilowe-na-Facebooka-6-300x300.jpg 300w, https:\/\/powiatwwl.pl\/wp-content\/uploads\/2026\/03\/PW-logok-Zdjecie-profilowe-na-Facebooka-6-150x150.jpg 150w, https:\/\/powiatwwl.pl\/wp-content\/uploads\/2026\/03\/PW-logok-Zdjecie-profilowe-na-Facebooka-6-768x768.jpg 768w, https:\/\/powiatwwl.pl\/wp-content\/uploads\/2026\/03\/PW-logok-Zdjecie-profilowe-na-Facebooka-6-80x80.jpg 80w, https:\/\/powiatwwl.pl\/wp-content\/uploads\/2026\/03\/PW-logok-Zdjecie-profilowe-na-Facebooka-6-320x320.jpg 320w, https:\/\/powiatwwl.pl\/wp-content\/uploads\/2026\/03\/PW-logok-Zdjecie-profilowe-na-Facebooka-6.jpg 1280w\" sizes=\"auto, (max-width: 1024px) 100vw, 1024px\" \/><\/figure>\n<\/div>\n\n\n<h2 class=\"wp-block-heading has-text-align-center\"><a href=\"https:\/\/www.facebook.com\/reel\/1907425779881547\">ZADBAJ o BEZPIECZE\u0143STWO TVP 3\/marzec 2026<\/a><\/h2>\n\n\n\n<hr class=\"wp-block-separator aligncenter has-alpha-channel-opacity\"\/>\n\n\n<div class=\"wp-block-image\">\n<figure class=\"aligncenter size-full is-resized\"><img loading=\"lazy\" decoding=\"async\" width=\"688\" height=\"688\" src=\"https:\/\/powiatwwl.pl\/wp-content\/uploads\/2026\/02\/Colorful-Live-News-Free-Logo.jpg\" alt=\"\" class=\"wp-image-371\" style=\"width:110px;height:auto\" srcset=\"https:\/\/powiatwwl.pl\/wp-content\/uploads\/2026\/02\/Colorful-Live-News-Free-Logo.jpg 688w, https:\/\/powiatwwl.pl\/wp-content\/uploads\/2026\/02\/Colorful-Live-News-Free-Logo-300x300.jpg 300w, https:\/\/powiatwwl.pl\/wp-content\/uploads\/2026\/02\/Colorful-Live-News-Free-Logo-150x150.jpg 150w, https:\/\/powiatwwl.pl\/wp-content\/uploads\/2026\/02\/Colorful-Live-News-Free-Logo-80x80.jpg 80w, https:\/\/powiatwwl.pl\/wp-content\/uploads\/2026\/02\/Colorful-Live-News-Free-Logo-320x320.jpg 320w\" sizes=\"auto, (max-width: 688px) 100vw, 688px\" \/><\/figure>\n<\/div>\n\n\n<h2 class=\"wp-block-heading has-text-align-center\"><a href=\"https:\/\/www.facebook.com\/reel\/1318830136746092\"><strong>3 POWIATOWA GAL SPORTU &#8211; OBSZERNA RELACJA<\/strong>\/MARZEC 2026<\/a><\/h2>\n\n\n\n<hr class=\"wp-block-separator aligncenter has-alpha-channel-opacity\"\/>\n\n\n\n<figure class=\"wp-block-embed is-type-video is-provider-youtube wp-block-embed-youtube wp-embed-aspect-16-9 wp-has-aspect-ratio\"><div class=\"wp-block-embed__wrapper\">\n<div class=\"video-container\"><iframe loading=\"lazy\" title=\"Podstawowa Opieka Zdrowotna Szpitala Matki Bo\u017cej Nieustaj\u0105cej Pomocy w Wo\u0142ominie\" width=\"500\" height=\"281\" src=\"https:\/\/www.youtube.com\/embed\/q12v5vOHMiw?feature=oembed&#038;wmode=opaque\" frameborder=\"0\" allow=\"accelerometer; autoplay; clipboard-write; encrypted-media; gyroscope; picture-in-picture; web-share\" referrerpolicy=\"strict-origin-when-cross-origin\" allowfullscreen><\/iframe><\/div>\n<\/div><\/figure>\n\n\n\n<hr class=\"wp-block-separator aligncenter has-alpha-channel-opacity\"\/>\n\n\n<div class=\"wp-block-image\">\n<figure class=\"aligncenter size-large is-resized\"><img loading=\"lazy\" decoding=\"async\" width=\"1024\" height=\"1024\" src=\"https:\/\/powiatwwl.pl\/wp-content\/uploads\/2026\/03\/PW-logok-Zdjecie-profilowe-na-Facebooka-6-1024x1024.jpg\" alt=\"\" class=\"wp-image-1976\" style=\"width:110px;height:auto\" srcset=\"https:\/\/powiatwwl.pl\/wp-content\/uploads\/2026\/03\/PW-logok-Zdjecie-profilowe-na-Facebooka-6-1024x1024.jpg 1024w, https:\/\/powiatwwl.pl\/wp-content\/uploads\/2026\/03\/PW-logok-Zdjecie-profilowe-na-Facebooka-6-300x300.jpg 300w, https:\/\/powiatwwl.pl\/wp-content\/uploads\/2026\/03\/PW-logok-Zdjecie-profilowe-na-Facebooka-6-150x150.jpg 150w, https:\/\/powiatwwl.pl\/wp-content\/uploads\/2026\/03\/PW-logok-Zdjecie-profilowe-na-Facebooka-6-768x768.jpg 768w, https:\/\/powiatwwl.pl\/wp-content\/uploads\/2026\/03\/PW-logok-Zdjecie-profilowe-na-Facebooka-6-80x80.jpg 80w, https:\/\/powiatwwl.pl\/wp-content\/uploads\/2026\/03\/PW-logok-Zdjecie-profilowe-na-Facebooka-6-320x320.jpg 320w, https:\/\/powiatwwl.pl\/wp-content\/uploads\/2026\/03\/PW-logok-Zdjecie-profilowe-na-Facebooka-6.jpg 1280w\" sizes=\"auto, (max-width: 1024px) 100vw, 1024px\" \/><\/figure>\n<\/div>\n\n\n<h2 class=\"wp-block-heading has-text-align-center\"><a href=\"https:\/\/www.facebook.com\/reel\/1423159672164082\">3 POWIATOWA GALA SPORTU &#8211; Zaproszenie Arkadiusz WERELICH<\/a><\/h2>\n\n\n\n<hr class=\"wp-block-separator aligncenter has-alpha-channel-opacity\"\/>\n\n\n<div class=\"wp-block-image\">\n<figure class=\"aligncenter size-large is-resized\"><img loading=\"lazy\" decoding=\"async\" width=\"1024\" height=\"1024\" src=\"https:\/\/powiatwwl.pl\/wp-content\/uploads\/2026\/03\/PW-logok-Zdjecie-profilowe-na-Facebooka-6-1024x1024.jpg\" alt=\"\" class=\"wp-image-1976\" style=\"width:110px;height:auto\" srcset=\"https:\/\/powiatwwl.pl\/wp-content\/uploads\/2026\/03\/PW-logok-Zdjecie-profilowe-na-Facebooka-6-1024x1024.jpg 1024w, https:\/\/powiatwwl.pl\/wp-content\/uploads\/2026\/03\/PW-logok-Zdjecie-profilowe-na-Facebooka-6-300x300.jpg 300w, https:\/\/powiatwwl.pl\/wp-content\/uploads\/2026\/03\/PW-logok-Zdjecie-profilowe-na-Facebooka-6-150x150.jpg 150w, https:\/\/powiatwwl.pl\/wp-content\/uploads\/2026\/03\/PW-logok-Zdjecie-profilowe-na-Facebooka-6-768x768.jpg 768w, https:\/\/powiatwwl.pl\/wp-content\/uploads\/2026\/03\/PW-logok-Zdjecie-profilowe-na-Facebooka-6-80x80.jpg 80w, https:\/\/powiatwwl.pl\/wp-content\/uploads\/2026\/03\/PW-logok-Zdjecie-profilowe-na-Facebooka-6-320x320.jpg 320w, https:\/\/powiatwwl.pl\/wp-content\/uploads\/2026\/03\/PW-logok-Zdjecie-profilowe-na-Facebooka-6.jpg 1280w\" sizes=\"auto, (max-width: 1024px) 100vw, 1024px\" \/><\/figure>\n<\/div>\n\n\n<h2 class=\"wp-block-heading has-text-align-center\"><a href=\"https:\/\/www.facebook.com\/reel\/684210634748563\">DZIE\u0143 SO\u0141TYSA\/ Arkadiusz WERELICH<\/a><\/h2>\n\n\n\n<hr class=\"wp-block-separator aligncenter has-alpha-channel-opacity\"\/>\n\n\n<div class=\"wp-block-image\">\n<figure class=\"aligncenter size-large is-resized\"><img loading=\"lazy\" decoding=\"async\" width=\"1024\" height=\"1024\" src=\"https:\/\/powiatwwl.pl\/wp-content\/uploads\/2026\/03\/PW-logok-Zdjecie-profilowe-na-Facebooka-6-1024x1024.jpg\" alt=\"\" class=\"wp-image-1976\" style=\"width:108px;height:auto\" srcset=\"https:\/\/powiatwwl.pl\/wp-content\/uploads\/2026\/03\/PW-logok-Zdjecie-profilowe-na-Facebooka-6-1024x1024.jpg 1024w, https:\/\/powiatwwl.pl\/wp-content\/uploads\/2026\/03\/PW-logok-Zdjecie-profilowe-na-Facebooka-6-300x300.jpg 300w, https:\/\/powiatwwl.pl\/wp-content\/uploads\/2026\/03\/PW-logok-Zdjecie-profilowe-na-Facebooka-6-150x150.jpg 150w, https:\/\/powiatwwl.pl\/wp-content\/uploads\/2026\/03\/PW-logok-Zdjecie-profilowe-na-Facebooka-6-768x768.jpg 768w, https:\/\/powiatwwl.pl\/wp-content\/uploads\/2026\/03\/PW-logok-Zdjecie-profilowe-na-Facebooka-6-80x80.jpg 80w, https:\/\/powiatwwl.pl\/wp-content\/uploads\/2026\/03\/PW-logok-Zdjecie-profilowe-na-Facebooka-6-320x320.jpg 320w, https:\/\/powiatwwl.pl\/wp-content\/uploads\/2026\/03\/PW-logok-Zdjecie-profilowe-na-Facebooka-6.jpg 1280w\" sizes=\"auto, (max-width: 1024px) 100vw, 1024px\" \/><\/figure>\n<\/div>\n\n\n<h2 class=\"wp-block-heading has-text-align-center\"><a href=\"https:\/\/www.facebook.com\/reel\/3248867518656953\">POWIATOMAT w Z\u0104BKACH\/ Arkadiusz WERELICH, Tomasz KALATA<\/a><\/h2>\n\n\n\n<hr class=\"wp-block-separator aligncenter has-alpha-channel-opacity\"\/>\n\n\n<div class=\"wp-block-image\">\n<figure class=\"aligncenter size-large is-resized\"><img loading=\"lazy\" decoding=\"async\" width=\"1024\" height=\"1024\" src=\"https:\/\/powiatwwl.pl\/wp-content\/uploads\/2026\/03\/PW-logok-Zdjecie-profilowe-na-Facebooka-6-1024x1024.jpg\" alt=\"\" class=\"wp-image-1976\" style=\"width:105px;height:auto\" srcset=\"https:\/\/powiatwwl.pl\/wp-content\/uploads\/2026\/03\/PW-logok-Zdjecie-profilowe-na-Facebooka-6-1024x1024.jpg 1024w, https:\/\/powiatwwl.pl\/wp-content\/uploads\/2026\/03\/PW-logok-Zdjecie-profilowe-na-Facebooka-6-300x300.jpg 300w, https:\/\/powiatwwl.pl\/wp-content\/uploads\/2026\/03\/PW-logok-Zdjecie-profilowe-na-Facebooka-6-150x150.jpg 150w, https:\/\/powiatwwl.pl\/wp-content\/uploads\/2026\/03\/PW-logok-Zdjecie-profilowe-na-Facebooka-6-768x768.jpg 768w, https:\/\/powiatwwl.pl\/wp-content\/uploads\/2026\/03\/PW-logok-Zdjecie-profilowe-na-Facebooka-6-80x80.jpg 80w, https:\/\/powiatwwl.pl\/wp-content\/uploads\/2026\/03\/PW-logok-Zdjecie-profilowe-na-Facebooka-6-320x320.jpg 320w, https:\/\/powiatwwl.pl\/wp-content\/uploads\/2026\/03\/PW-logok-Zdjecie-profilowe-na-Facebooka-6.jpg 1280w\" sizes=\"auto, (max-width: 1024px) 100vw, 1024px\" \/><\/figure>\n<\/div>\n\n\n<h2 class=\"wp-block-heading has-text-align-center\"><a href=\"https:\/\/www.facebook.com\/reel\/904494265698773\">GALA TANECZNA RADZYMIN, marzec 2026<\/a><\/h2>\n\n\n\n<hr class=\"wp-block-separator aligncenter has-alpha-channel-opacity\"\/>\n\n\n<div class=\"wp-block-image\">\n<figure class=\"aligncenter size-large is-resized\"><img loading=\"lazy\" decoding=\"async\" width=\"1024\" height=\"1024\" src=\"https:\/\/powiatwwl.pl\/wp-content\/uploads\/2026\/03\/PW-logok-Zdjecie-profilowe-na-Facebooka-6-1024x1024.jpg\" alt=\"\" class=\"wp-image-1976\" style=\"width:109px;height:auto\" srcset=\"https:\/\/powiatwwl.pl\/wp-content\/uploads\/2026\/03\/PW-logok-Zdjecie-profilowe-na-Facebooka-6-1024x1024.jpg 1024w, https:\/\/powiatwwl.pl\/wp-content\/uploads\/2026\/03\/PW-logok-Zdjecie-profilowe-na-Facebooka-6-300x300.jpg 300w, https:\/\/powiatwwl.pl\/wp-content\/uploads\/2026\/03\/PW-logok-Zdjecie-profilowe-na-Facebooka-6-150x150.jpg 150w, https:\/\/powiatwwl.pl\/wp-content\/uploads\/2026\/03\/PW-logok-Zdjecie-profilowe-na-Facebooka-6-768x768.jpg 768w, https:\/\/powiatwwl.pl\/wp-content\/uploads\/2026\/03\/PW-logok-Zdjecie-profilowe-na-Facebooka-6-80x80.jpg 80w, https:\/\/powiatwwl.pl\/wp-content\/uploads\/2026\/03\/PW-logok-Zdjecie-profilowe-na-Facebooka-6-320x320.jpg 320w, https:\/\/powiatwwl.pl\/wp-content\/uploads\/2026\/03\/PW-logok-Zdjecie-profilowe-na-Facebooka-6.jpg 1280w\" sizes=\"auto, (max-width: 1024px) 100vw, 1024px\" \/><\/figure>\n<\/div>\n\n\n<h2 class=\"wp-block-heading has-text-align-center\"><a href=\"https:\/\/www.facebook.com\/reel\/912649341352739\">956 CUD\u00d3W w POWIECIE WO\u0141OMI\u0143SKIM w 2025 R\/Arkadiusz WERELICH, marzec 2026 <\/a><\/h2>\n\n\n\n<hr class=\"wp-block-separator aligncenter has-alpha-channel-opacity\"\/>\n\n\n<div class=\"wp-block-image\">\n<figure class=\"aligncenter size-large is-resized\"><img loading=\"lazy\" decoding=\"async\" width=\"1024\" height=\"1024\" src=\"https:\/\/powiatwwl.pl\/wp-content\/uploads\/2026\/02\/Black-and-Gold-Movie-Entertainment-Logo-1024x1024.jpg\" alt=\"\" class=\"wp-image-1378\" style=\"width:110px;height:auto\" srcset=\"https:\/\/powiatwwl.pl\/wp-content\/uploads\/2026\/02\/Black-and-Gold-Movie-Entertainment-Logo-1024x1024.jpg 1024w, https:\/\/powiatwwl.pl\/wp-content\/uploads\/2026\/02\/Black-and-Gold-Movie-Entertainment-Logo-300x300.jpg 300w, https:\/\/powiatwwl.pl\/wp-content\/uploads\/2026\/02\/Black-and-Gold-Movie-Entertainment-Logo-150x150.jpg 150w, https:\/\/powiatwwl.pl\/wp-content\/uploads\/2026\/02\/Black-and-Gold-Movie-Entertainment-Logo-768x768.jpg 768w, https:\/\/powiatwwl.pl\/wp-content\/uploads\/2026\/02\/Black-and-Gold-Movie-Entertainment-Logo-1536x1536.jpg 1536w, https:\/\/powiatwwl.pl\/wp-content\/uploads\/2026\/02\/Black-and-Gold-Movie-Entertainment-Logo-80x80.jpg 80w, https:\/\/powiatwwl.pl\/wp-content\/uploads\/2026\/02\/Black-and-Gold-Movie-Entertainment-Logo-320x320.jpg 320w, https:\/\/powiatwwl.pl\/wp-content\/uploads\/2026\/02\/Black-and-Gold-Movie-Entertainment-Logo.jpg 2000w\" sizes=\"auto, (max-width: 1024px) 100vw, 1024px\" \/><\/figure>\n<\/div>\n\n\n<figure class=\"wp-block-embed is-type-video is-provider-youtube wp-block-embed-youtube wp-embed-aspect-16-9 wp-has-aspect-ratio\"><div class=\"wp-block-embed__wrapper\">\n<div class=\"video-container\"><iframe loading=\"lazy\" title=\"Droga Powiatowa w Z\u0105bkach ulica Pi\u0142sudskiego b\u0119dzie zmodernizowana, marzec 2026\" width=\"500\" height=\"281\" src=\"https:\/\/www.youtube.com\/embed\/fFsb23pRlp4?feature=oembed&#038;wmode=opaque\" frameborder=\"0\" allow=\"accelerometer; autoplay; clipboard-write; encrypted-media; gyroscope; picture-in-picture; web-share\" referrerpolicy=\"strict-origin-when-cross-origin\" allowfullscreen><\/iframe><\/div>\n<\/div><\/figure>\n\n\n\n<hr class=\"wp-block-separator aligncenter has-alpha-channel-opacity\"\/>\n\n\n<div class=\"wp-block-image\">\n<figure class=\"aligncenter size-large is-resized\"><img loading=\"lazy\" decoding=\"async\" width=\"1024\" height=\"1024\" src=\"https:\/\/powiatwwl.pl\/wp-content\/uploads\/2026\/02\/Black-and-Gold-Movie-Entertainment-Logo-1024x1024.jpg\" alt=\"\" class=\"wp-image-1378\" style=\"width:108px;height:auto\" srcset=\"https:\/\/powiatwwl.pl\/wp-content\/uploads\/2026\/02\/Black-and-Gold-Movie-Entertainment-Logo-1024x1024.jpg 1024w, https:\/\/powiatwwl.pl\/wp-content\/uploads\/2026\/02\/Black-and-Gold-Movie-Entertainment-Logo-300x300.jpg 300w, https:\/\/powiatwwl.pl\/wp-content\/uploads\/2026\/02\/Black-and-Gold-Movie-Entertainment-Logo-150x150.jpg 150w, https:\/\/powiatwwl.pl\/wp-content\/uploads\/2026\/02\/Black-and-Gold-Movie-Entertainment-Logo-768x768.jpg 768w, https:\/\/powiatwwl.pl\/wp-content\/uploads\/2026\/02\/Black-and-Gold-Movie-Entertainment-Logo-1536x1536.jpg 1536w, https:\/\/powiatwwl.pl\/wp-content\/uploads\/2026\/02\/Black-and-Gold-Movie-Entertainment-Logo-80x80.jpg 80w, https:\/\/powiatwwl.pl\/wp-content\/uploads\/2026\/02\/Black-and-Gold-Movie-Entertainment-Logo-320x320.jpg 320w, https:\/\/powiatwwl.pl\/wp-content\/uploads\/2026\/02\/Black-and-Gold-Movie-Entertainment-Logo.jpg 2000w\" sizes=\"auto, (max-width: 1024px) 100vw, 1024px\" \/><\/figure>\n<\/div>\n\n\n<figure class=\"wp-block-embed is-type-video is-provider-youtube wp-block-embed-youtube wp-embed-aspect-16-9 wp-has-aspect-ratio\"><div class=\"wp-block-embed__wrapper\">\n<div class=\"video-container\"><iframe loading=\"lazy\" title=\"Muzeum Bitwy Warszawskiej 1920 roku w Ossowie - Zaprasza\" width=\"500\" height=\"281\" src=\"https:\/\/www.youtube.com\/embed\/ZdCswDkP8Kk?feature=oembed&#038;wmode=opaque\" frameborder=\"0\" allow=\"accelerometer; autoplay; clipboard-write; encrypted-media; gyroscope; picture-in-picture; web-share\" referrerpolicy=\"strict-origin-when-cross-origin\" allowfullscreen><\/iframe><\/div>\n<\/div><\/figure>\n\n\n\n<hr class=\"wp-block-separator aligncenter has-alpha-channel-opacity\"\/>\n\n\n<div class=\"wp-block-image\">\n<figure class=\"aligncenter size-large is-resized\"><img loading=\"lazy\" decoding=\"async\" width=\"1024\" height=\"1024\" src=\"https:\/\/powiatwwl.pl\/wp-content\/uploads\/2026\/02\/Black-and-Gold-Movie-Entertainment-Logo-1024x1024.jpg\" alt=\"\" class=\"wp-image-1378\" style=\"width:108px;height:auto\" srcset=\"https:\/\/powiatwwl.pl\/wp-content\/uploads\/2026\/02\/Black-and-Gold-Movie-Entertainment-Logo-1024x1024.jpg 1024w, https:\/\/powiatwwl.pl\/wp-content\/uploads\/2026\/02\/Black-and-Gold-Movie-Entertainment-Logo-300x300.jpg 300w, https:\/\/powiatwwl.pl\/wp-content\/uploads\/2026\/02\/Black-and-Gold-Movie-Entertainment-Logo-150x150.jpg 150w, https:\/\/powiatwwl.pl\/wp-content\/uploads\/2026\/02\/Black-and-Gold-Movie-Entertainment-Logo-768x768.jpg 768w, https:\/\/powiatwwl.pl\/wp-content\/uploads\/2026\/02\/Black-and-Gold-Movie-Entertainment-Logo-1536x1536.jpg 1536w, https:\/\/powiatwwl.pl\/wp-content\/uploads\/2026\/02\/Black-and-Gold-Movie-Entertainment-Logo-80x80.jpg 80w, https:\/\/powiatwwl.pl\/wp-content\/uploads\/2026\/02\/Black-and-Gold-Movie-Entertainment-Logo-320x320.jpg 320w, https:\/\/powiatwwl.pl\/wp-content\/uploads\/2026\/02\/Black-and-Gold-Movie-Entertainment-Logo.jpg 2000w\" sizes=\"auto, (max-width: 1024px) 100vw, 1024px\" \/><\/figure>\n<\/div>\n\n\n<figure class=\"wp-block-embed is-type-video is-provider-youtube wp-block-embed-youtube wp-embed-aspect-16-9 wp-has-aspect-ratio\"><div class=\"wp-block-embed__wrapper\">\n<div class=\"video-container\"><iframe loading=\"lazy\" title=\"Start modernizacji ulicy Kazimierza Wielkiego i Bronis\u0142awa chrobrego w Koby\u0142ce\" width=\"500\" height=\"281\" src=\"https:\/\/www.youtube.com\/embed\/QIa7fYU24eE?feature=oembed&#038;wmode=opaque\" frameborder=\"0\" allow=\"accelerometer; autoplay; clipboard-write; encrypted-media; gyroscope; picture-in-picture; web-share\" referrerpolicy=\"strict-origin-when-cross-origin\" allowfullscreen><\/iframe><\/div>\n<\/div><\/figure>\n\n\n\n<hr class=\"wp-block-separator aligncenter has-alpha-channel-opacity\"\/>\n\n\n<div class=\"wp-block-image\">\n<figure class=\"aligncenter size-large is-resized\"><img loading=\"lazy\" decoding=\"async\" width=\"1024\" height=\"1024\" src=\"https:\/\/powiatwwl.pl\/wp-content\/uploads\/2026\/02\/Black-and-Gold-Movie-Entertainment-Logo-1024x1024.jpg\" alt=\"\" class=\"wp-image-1378\" style=\"width:108px;height:auto\" srcset=\"https:\/\/powiatwwl.pl\/wp-content\/uploads\/2026\/02\/Black-and-Gold-Movie-Entertainment-Logo-1024x1024.jpg 1024w, https:\/\/powiatwwl.pl\/wp-content\/uploads\/2026\/02\/Black-and-Gold-Movie-Entertainment-Logo-300x300.jpg 300w, https:\/\/powiatwwl.pl\/wp-content\/uploads\/2026\/02\/Black-and-Gold-Movie-Entertainment-Logo-150x150.jpg 150w, https:\/\/powiatwwl.pl\/wp-content\/uploads\/2026\/02\/Black-and-Gold-Movie-Entertainment-Logo-768x768.jpg 768w, https:\/\/powiatwwl.pl\/wp-content\/uploads\/2026\/02\/Black-and-Gold-Movie-Entertainment-Logo-1536x1536.jpg 1536w, https:\/\/powiatwwl.pl\/wp-content\/uploads\/2026\/02\/Black-and-Gold-Movie-Entertainment-Logo-80x80.jpg 80w, https:\/\/powiatwwl.pl\/wp-content\/uploads\/2026\/02\/Black-and-Gold-Movie-Entertainment-Logo-320x320.jpg 320w, https:\/\/powiatwwl.pl\/wp-content\/uploads\/2026\/02\/Black-and-Gold-Movie-Entertainment-Logo.jpg 2000w\" sizes=\"auto, (max-width: 1024px) 100vw, 1024px\" \/><\/figure>\n<\/div>\n\n\n<figure class=\"wp-block-embed is-type-video is-provider-youtube wp-block-embed-youtube wp-embed-aspect-16-9 wp-has-aspect-ratio\"><div class=\"wp-block-embed__wrapper\">\n<div class=\"video-container\"><iframe loading=\"lazy\" title=\"Budowa nowego budynku Powiatowego Wydzia\u0142u Komunikacji w Wo\u0142ominie\" width=\"500\" height=\"281\" src=\"https:\/\/www.youtube.com\/embed\/Y-G4K6zjh8U?feature=oembed&#038;wmode=opaque\" frameborder=\"0\" allow=\"accelerometer; autoplay; clipboard-write; encrypted-media; gyroscope; picture-in-picture; web-share\" referrerpolicy=\"strict-origin-when-cross-origin\" allowfullscreen><\/iframe><\/div>\n<\/div><\/figure>\n\n\n\n<hr class=\"wp-block-separator aligncenter has-alpha-channel-opacity\"\/>\n\n\n<div class=\"wp-block-image\">\n<figure class=\"aligncenter size-large is-resized\"><img loading=\"lazy\" decoding=\"async\" width=\"1024\" height=\"1024\" src=\"https:\/\/powiatwwl.pl\/wp-content\/uploads\/2026\/02\/Black-and-Gold-Movie-Entertainment-Logo-1024x1024.jpg\" alt=\"\" class=\"wp-image-1378\" style=\"width:111px;height:auto\" srcset=\"https:\/\/powiatwwl.pl\/wp-content\/uploads\/2026\/02\/Black-and-Gold-Movie-Entertainment-Logo-1024x1024.jpg 1024w, https:\/\/powiatwwl.pl\/wp-content\/uploads\/2026\/02\/Black-and-Gold-Movie-Entertainment-Logo-300x300.jpg 300w, https:\/\/powiatwwl.pl\/wp-content\/uploads\/2026\/02\/Black-and-Gold-Movie-Entertainment-Logo-150x150.jpg 150w, https:\/\/powiatwwl.pl\/wp-content\/uploads\/2026\/02\/Black-and-Gold-Movie-Entertainment-Logo-768x768.jpg 768w, https:\/\/powiatwwl.pl\/wp-content\/uploads\/2026\/02\/Black-and-Gold-Movie-Entertainment-Logo-1536x1536.jpg 1536w, https:\/\/powiatwwl.pl\/wp-content\/uploads\/2026\/02\/Black-and-Gold-Movie-Entertainment-Logo-80x80.jpg 80w, https:\/\/powiatwwl.pl\/wp-content\/uploads\/2026\/02\/Black-and-Gold-Movie-Entertainment-Logo-320x320.jpg 320w, https:\/\/powiatwwl.pl\/wp-content\/uploads\/2026\/02\/Black-and-Gold-Movie-Entertainment-Logo.jpg 2000w\" sizes=\"auto, (max-width: 1024px) 100vw, 1024px\" \/><\/figure>\n<\/div>\n\n\n<figure class=\"wp-block-embed is-type-video is-provider-youtube wp-block-embed-youtube wp-embed-aspect-16-9 wp-has-aspect-ratio\"><div class=\"wp-block-embed__wrapper\">\n<div class=\"video-container\"><iframe loading=\"lazy\" title=\"Budowa hali sportowej w ZS w Wo\u0142ominie\" width=\"500\" height=\"281\" src=\"https:\/\/www.youtube.com\/embed\/G096CrshkeY?feature=oembed&#038;wmode=opaque\" frameborder=\"0\" allow=\"accelerometer; autoplay; clipboard-write; encrypted-media; gyroscope; picture-in-picture; web-share\" referrerpolicy=\"strict-origin-when-cross-origin\" allowfullscreen><\/iframe><\/div>\n<\/div><\/figure>\n\n\n\n<hr class=\"wp-block-separator aligncenter has-alpha-channel-opacity\"\/>\n\n\n<div class=\"wp-block-image\">\n<figure class=\"aligncenter size-large is-resized\"><img loading=\"lazy\" decoding=\"async\" width=\"1024\" height=\"1024\" src=\"https:\/\/powiatwwl.pl\/wp-content\/uploads\/2026\/02\/Black-and-Gold-Movie-Entertainment-Logo-1024x1024.jpg\" alt=\"\" class=\"wp-image-1378\" style=\"width:114px;height:auto\" srcset=\"https:\/\/powiatwwl.pl\/wp-content\/uploads\/2026\/02\/Black-and-Gold-Movie-Entertainment-Logo-1024x1024.jpg 1024w, https:\/\/powiatwwl.pl\/wp-content\/uploads\/2026\/02\/Black-and-Gold-Movie-Entertainment-Logo-300x300.jpg 300w, https:\/\/powiatwwl.pl\/wp-content\/uploads\/2026\/02\/Black-and-Gold-Movie-Entertainment-Logo-150x150.jpg 150w, https:\/\/powiatwwl.pl\/wp-content\/uploads\/2026\/02\/Black-and-Gold-Movie-Entertainment-Logo-768x768.jpg 768w, https:\/\/powiatwwl.pl\/wp-content\/uploads\/2026\/02\/Black-and-Gold-Movie-Entertainment-Logo-1536x1536.jpg 1536w, https:\/\/powiatwwl.pl\/wp-content\/uploads\/2026\/02\/Black-and-Gold-Movie-Entertainment-Logo-80x80.jpg 80w, https:\/\/powiatwwl.pl\/wp-content\/uploads\/2026\/02\/Black-and-Gold-Movie-Entertainment-Logo-320x320.jpg 320w, https:\/\/powiatwwl.pl\/wp-content\/uploads\/2026\/02\/Black-and-Gold-Movie-Entertainment-Logo.jpg 2000w\" sizes=\"auto, (max-width: 1024px) 100vw, 1024px\" \/><\/figure>\n<\/div>\n\n\n<figure class=\"wp-block-embed is-type-video is-provider-youtube wp-block-embed-youtube wp-embed-aspect-16-9 wp-has-aspect-ratio\"><div class=\"wp-block-embed__wrapper\">\n<div class=\"video-container\"><iframe loading=\"lazy\" title=\"Modernizacja siedziby Starostwa Powiatowego w Wo\u0142ominie, powiatwwl pl\" width=\"500\" height=\"281\" src=\"https:\/\/www.youtube.com\/embed\/K4k5wCqF2Sk?feature=oembed&#038;wmode=opaque\" frameborder=\"0\" allow=\"accelerometer; autoplay; clipboard-write; encrypted-media; gyroscope; picture-in-picture; web-share\" referrerpolicy=\"strict-origin-when-cross-origin\" allowfullscreen><\/iframe><\/div>\n<\/div><\/figure>\n\n\n\n<hr class=\"wp-block-separator aligncenter has-alpha-channel-opacity\"\/>\n\n\n<div class=\"wp-block-image\">\n<figure class=\"aligncenter size-full is-resized\"><img loading=\"lazy\" decoding=\"async\" width=\"500\" height=\"500\" src=\"https:\/\/powiatwwl.pl\/wp-content\/uploads\/2026\/02\/zabkovia-herb.png\" alt=\"\" class=\"wp-image-926\" style=\"width:109px;height:auto\" srcset=\"https:\/\/powiatwwl.pl\/wp-content\/uploads\/2026\/02\/zabkovia-herb.png 500w, https:\/\/powiatwwl.pl\/wp-content\/uploads\/2026\/02\/zabkovia-herb-300x300.png 300w, https:\/\/powiatwwl.pl\/wp-content\/uploads\/2026\/02\/zabkovia-herb-150x150.png 150w, https:\/\/powiatwwl.pl\/wp-content\/uploads\/2026\/02\/zabkovia-herb-80x80.png 80w, https:\/\/powiatwwl.pl\/wp-content\/uploads\/2026\/02\/zabkovia-herb-320x320.png 320w\" sizes=\"auto, (max-width: 500px) 100vw, 500px\" \/><\/figure>\n<\/div>\n\n\n<h2 class=\"wp-block-heading has-text-align-center\"><strong><a href=\"https:\/\/www.facebook.com\/share\/v\/18BqaSMKhS\/\">PREZENTACJA DRU\u017bYNY Z\u0104BKOVIA Z\u0104BKI, luty 2026, TVP3<\/a><\/strong><\/h2>\n\n\n\n<hr class=\"wp-block-separator has-alpha-channel-opacity\"\/>\n\n\n<div class=\"wp-block-image\">\n<figure class=\"aligncenter size-large is-resized\"><img loading=\"lazy\" decoding=\"async\" width=\"1024\" height=\"1024\" src=\"https:\/\/powiatwwl.pl\/wp-content\/uploads\/2026\/02\/TOMEK-1024x1024.jpg\" alt=\"\" class=\"wp-image-210\" style=\"width:108px;height:auto\" srcset=\"https:\/\/powiatwwl.pl\/wp-content\/uploads\/2026\/02\/TOMEK-1024x1024.jpg 1024w, https:\/\/powiatwwl.pl\/wp-content\/uploads\/2026\/02\/TOMEK-300x300.jpg 300w, https:\/\/powiatwwl.pl\/wp-content\/uploads\/2026\/02\/TOMEK-150x150.jpg 150w, https:\/\/powiatwwl.pl\/wp-content\/uploads\/2026\/02\/TOMEK-768x768.jpg 768w, https:\/\/powiatwwl.pl\/wp-content\/uploads\/2026\/02\/TOMEK-1536x1536.jpg 1536w, https:\/\/powiatwwl.pl\/wp-content\/uploads\/2026\/02\/TOMEK-80x80.jpg 80w, https:\/\/powiatwwl.pl\/wp-content\/uploads\/2026\/02\/TOMEK-320x320.jpg 320w, https:\/\/powiatwwl.pl\/wp-content\/uploads\/2026\/02\/TOMEK.jpg 2048w\" sizes=\"auto, (max-width: 1024px) 100vw, 1024px\" \/><\/figure>\n<\/div>\n\n\n<h2 class=\"wp-block-heading has-text-align-center\"><a href=\"https:\/\/www.facebook.com\/share\/r\/15cCn8Ao8S7\/\"><strong>TOMASZ KALATA CZ\u0141ONEK ZARZ\u0104DU POWIATU WO\u0141OMI\u0143SKIEGO<\/strong>, luty 2026 (rolka video)<\/a><\/h2>\n\n\n\n<hr class=\"wp-block-separator aligncenter has-alpha-channel-opacity\"\/>\n\n\n<div class=\"wp-block-image\">\n<figure class=\"aligncenter size-full is-resized\"><img loading=\"lazy\" decoding=\"async\" width=\"2048\" height=\"2048\" src=\"https:\/\/powiatwwl.pl\/wp-content\/uploads\/2026\/02\/ARKADIUSZ-WERELICH.jpg\" alt=\"\" class=\"wp-image-204\" style=\"width:109px;height:auto\" srcset=\"https:\/\/powiatwwl.pl\/wp-content\/uploads\/2026\/02\/ARKADIUSZ-WERELICH.jpg 2048w, https:\/\/powiatwwl.pl\/wp-content\/uploads\/2026\/02\/ARKADIUSZ-WERELICH-300x300.jpg 300w, https:\/\/powiatwwl.pl\/wp-content\/uploads\/2026\/02\/ARKADIUSZ-WERELICH-1024x1024.jpg 1024w, https:\/\/powiatwwl.pl\/wp-content\/uploads\/2026\/02\/ARKADIUSZ-WERELICH-150x150.jpg 150w, https:\/\/powiatwwl.pl\/wp-content\/uploads\/2026\/02\/ARKADIUSZ-WERELICH-768x768.jpg 768w, https:\/\/powiatwwl.pl\/wp-content\/uploads\/2026\/02\/ARKADIUSZ-WERELICH-1536x1536.jpg 1536w, https:\/\/powiatwwl.pl\/wp-content\/uploads\/2026\/02\/ARKADIUSZ-WERELICH-80x80.jpg 80w, https:\/\/powiatwwl.pl\/wp-content\/uploads\/2026\/02\/ARKADIUSZ-WERELICH-320x320.jpg 320w\" sizes=\"auto, (max-width: 2048px) 100vw, 2048px\" \/><\/figure>\n<\/div>\n\n\n<h2 class=\"wp-block-heading has-text-align-center\"><strong><a href=\"https:\/\/www.facebook.com\/share\/v\/17pqZnEupx\/\">STAROSTA WO\u0141OMI\u0143SKI w TVP 3, luty 2026<\/a><\/strong><\/h2>\n\n\n\n<p><\/p>\n\n\n\n<p><\/p>\n\n\n\n<hr class=\"wp-block-separator has-alpha-channel-opacity\"\/>\n\n\n<div class=\"wp-block-image\">\n<figure class=\"aligncenter size-full is-resized\"><img loading=\"lazy\" decoding=\"async\" width=\"2048\" height=\"2048\" src=\"https:\/\/powiatwwl.pl\/wp-content\/uploads\/2026\/02\/PIOTREK.jpg\" alt=\"\" class=\"wp-image-208\" style=\"width:111px;height:auto\" srcset=\"https:\/\/powiatwwl.pl\/wp-content\/uploads\/2026\/02\/PIOTREK.jpg 2048w, https:\/\/powiatwwl.pl\/wp-content\/uploads\/2026\/02\/PIOTREK-300x300.jpg 300w, https:\/\/powiatwwl.pl\/wp-content\/uploads\/2026\/02\/PIOTREK-1024x1024.jpg 1024w, https:\/\/powiatwwl.pl\/wp-content\/uploads\/2026\/02\/PIOTREK-150x150.jpg 150w, https:\/\/powiatwwl.pl\/wp-content\/uploads\/2026\/02\/PIOTREK-768x768.jpg 768w, https:\/\/powiatwwl.pl\/wp-content\/uploads\/2026\/02\/PIOTREK-1536x1536.jpg 1536w, https:\/\/powiatwwl.pl\/wp-content\/uploads\/2026\/02\/PIOTREK-80x80.jpg 80w, https:\/\/powiatwwl.pl\/wp-content\/uploads\/2026\/02\/PIOTREK-320x320.jpg 320w\" sizes=\"auto, (max-width: 2048px) 100vw, 2048px\" \/><\/figure>\n<\/div>\n\n\n<h2 class=\"wp-block-heading has-text-align-center\"><strong><a href=\"https:\/\/www.facebook.com\/share\/v\/1FMYtBEJQQ\/\">PIOTR WYSZY\u0143SKI PODZI\u0118KOWANIE, luty 2026<\/a><\/strong><\/h2>\n\n\n\n<hr class=\"wp-block-separator has-alpha-channel-opacity\"\/>\n\n\n<div class=\"wp-block-image\">\n<figure class=\"aligncenter size-full is-resized\"><img loading=\"lazy\" decoding=\"async\" width=\"300\" height=\"300\" src=\"https:\/\/powiatwwl.pl\/wp-content\/uploads\/2026\/02\/Bez-nazwy-Post-na-Facebooka-kwadrat-300x300-1.jpg\" alt=\"\" class=\"wp-image-52\" style=\"width:111px;height:auto\" srcset=\"https:\/\/powiatwwl.pl\/wp-content\/uploads\/2026\/02\/Bez-nazwy-Post-na-Facebooka-kwadrat-300x300-1.jpg 300w, https:\/\/powiatwwl.pl\/wp-content\/uploads\/2026\/02\/Bez-nazwy-Post-na-Facebooka-kwadrat-300x300-1-150x150.jpg 150w, https:\/\/powiatwwl.pl\/wp-content\/uploads\/2026\/02\/Bez-nazwy-Post-na-Facebooka-kwadrat-300x300-1-80x80.jpg 80w\" sizes=\"auto, (max-width: 300px) 100vw, 300px\" \/><\/figure>\n<\/div>\n\n\n<h2 class=\"wp-block-heading has-text-align-center\"><a href=\"https:\/\/www.facebook.com\/share\/v\/1AfYQ5ZMQq\/\"><strong>OTVI POWIAT TV &#8211; KOALICJA OBYWATELSKA w POWIECIE WO\u0141OMI\u0143SKIM. SPOTKANIE NOWOROCZNE, stycze\u0144 2026<\/strong><\/a><\/h2>\n\n\n\n<hr class=\"wp-block-separator has-alpha-channel-opacity\"\/>\n\n\n<div class=\"wp-block-image\">\n<figure class=\"aligncenter size-large is-resized\"><img loading=\"lazy\" decoding=\"async\" width=\"1024\" height=\"1024\" src=\"https:\/\/powiatwwl.pl\/wp-content\/uploads\/2026\/02\/piotrektv-1-1024x1024.jpg\" alt=\"\" class=\"wp-image-335\" style=\"width:114px;height:auto\" srcset=\"https:\/\/powiatwwl.pl\/wp-content\/uploads\/2026\/02\/piotrektv-1-1024x1024.jpg 1024w, https:\/\/powiatwwl.pl\/wp-content\/uploads\/2026\/02\/piotrektv-1-300x300.jpg 300w, https:\/\/powiatwwl.pl\/wp-content\/uploads\/2026\/02\/piotrektv-1-150x150.jpg 150w, https:\/\/powiatwwl.pl\/wp-content\/uploads\/2026\/02\/piotrektv-1-768x768.jpg 768w, https:\/\/powiatwwl.pl\/wp-content\/uploads\/2026\/02\/piotrektv-1-80x80.jpg 80w, https:\/\/powiatwwl.pl\/wp-content\/uploads\/2026\/02\/piotrektv-1-320x320.jpg 320w, https:\/\/powiatwwl.pl\/wp-content\/uploads\/2026\/02\/piotrektv-1.jpg 1536w\" sizes=\"auto, (max-width: 1024px) 100vw, 1024px\" \/><\/figure>\n<\/div>\n\n\n<h2 class=\"wp-block-heading has-text-align-center\"><strong><a href=\"https:\/\/www.facebook.com\/share\/v\/17CeC6BWTh\/\">OTVI POWIAT TV &#8211; OTWARCIE NOWEJ SIEDZIBY POWIATOWEGO WYDZIA\u0141U KOMUNIKACJI W MARKACH, grudzie\u0144 2025<\/a><\/strong><\/h2>\n\n\n\n<p><\/p>\n","protected":false},"excerpt":{"rendered":"<p>Arkadiusz WERELICH Starosta Wo\u0142omi\u0144ski &#8211; &#8222;Do\u015bwietlenia przej\u015b\u0107 dla pieszych na drogach powiatowych&#8221;, kwiecie\u0144 2026 Nikola WO\u0179NIAK &#8211; IMPREZA CHARYTATYWNA w Zielonce, TVP3, marzec 2026 KOMPUTERY i TABLETY dla POWIATOWYCH SZK\u00d3\u0141, marzec 2026 INTERPELACJA STAROSTY i RADNYCH SEJMIKU, marzec 2026 TRICITY Rummikub CUP, marzec 2026 ZADBAJ o BEZPIECZE\u0143STWO TVP 3\/marzec 2026&#46;&#46;&#46;<\/p>\n","protected":false},"author":1,"featured_media":0,"parent":0,"menu_order":0,"comment_status":"closed","ping_status":"closed","template":"","meta":{"footnotes":""},"class_list":["post-533","page","type-page","status-publish","hentry"],"_links":{"self":[{"href":"https:\/\/powiatwwl.pl\/index.php?rest_route=\/wp\/v2\/pages\/533","targetHints":{"allow":["GET"]}}],"collection":[{"href":"https:\/\/powiatwwl.pl\/index.php?rest_route=\/wp\/v2\/pages"}],"about":[{"href":"https:\/\/powiatwwl.pl\/index.php?rest_route=\/wp\/v2\/types\/page"}],"author":[{"embeddable":true,"href":"https:\/\/powiatwwl.pl\/index.php?rest_route=\/wp\/v2\/users\/1"}],"replies":[{"embeddable":true,"href":"https:\/\/powiatwwl.pl\/index.php?rest_route=%2Fwp%2Fv2%2Fcomments&post=533"}],"version-history":[{"count":54,"href":"https:\/\/powiatwwl.pl\/index.php?rest_route=\/wp\/v2\/pages\/533\/revisions"}],"predecessor-version":[{"id":2908,"href":"https:\/\/powiatwwl.pl\/index.php?rest_route=\/wp\/v2\/pages\/533\/revisions\/2908"}],"wp:attachment":[{"href":"https:\/\/powiatwwl.pl\/index.php?rest_route=%2Fwp%2Fv2%2Fmedia&parent=533"}],"curies":[{"name":"wp","href":"https:\/\/api.w.org\/{rel}","templated":true}]}}