{"id":87,"date":"2026-02-05T10:50:43","date_gmt":"2026-02-05T09:50:43","guid":{"rendered":"http:\/\/powiatwwl.pl\/?page_id=87"},"modified":"2026-02-24T14:51:00","modified_gmt":"2026-02-24T13:51:00","slug":"pomagamy-bo-lubimy","status":"publish","type":"page","link":"https:\/\/powiatwwl.pl\/?page_id=87","title":{"rendered":"POMAGAMY"},"content":{"rendered":"\n<figure class=\"wp-block-image size-large\"><img loading=\"lazy\" decoding=\"async\" width=\"1024\" height=\"536\" src=\"https:\/\/powiatwwl.pl\/wp-content\/uploads\/2026\/02\/Zabki-ul.Pilsudskiego-2-1024x536.jpg\" alt=\"\" class=\"wp-image-1111\" srcset=\"https:\/\/powiatwwl.pl\/wp-content\/uploads\/2026\/02\/Zabki-ul.Pilsudskiego-2-1024x536.jpg 1024w, https:\/\/powiatwwl.pl\/wp-content\/uploads\/2026\/02\/Zabki-ul.Pilsudskiego-2-300x157.jpg 300w, https:\/\/powiatwwl.pl\/wp-content\/uploads\/2026\/02\/Zabki-ul.Pilsudskiego-2-768x402.jpg 768w, https:\/\/powiatwwl.pl\/wp-content\/uploads\/2026\/02\/Zabki-ul.Pilsudskiego-2.jpg 1050w\" sizes=\"auto, (max-width: 1024px) 100vw, 1024px\" \/><\/figure>\n\n\n\n<p><strong>Pomagamy Pani Profesor Ani wspania\u0142ej wychowawczyni i nauczycielki j\u0119zyka angielskiego z Wo\u0142omina<\/strong><\/p>\n\n\n\n<h2 class=\"wp-block-heading has-text-align-center\"><strong>Fundacja Daj Mi Skrzyd\u0142a<\/strong><\/h2>\n\n\n\n<h2 class=\"wp-block-heading has-text-align-center\">Konto na darowizny dla Pani Ani:<\/h2>\n\n\n\n<h2 class=\"wp-block-heading has-text-align-center\"><strong>30 2130 0004 2001 0616 8835 0005<\/strong><\/h2>\n\n\n\n<p><\/p>\n\n\n<div class=\"wp-block-image\">\n<figure class=\"alignleft size-full is-resized\"><img loading=\"lazy\" decoding=\"async\" width=\"509\" height=\"720\" src=\"https:\/\/powiatwwl.pl\/wp-content\/uploads\/2026\/02\/641273135_1488285139968619_8317522085996889837_n.jpg\" alt=\"\" class=\"wp-image-1015\" style=\"width:113px;height:auto\" srcset=\"https:\/\/powiatwwl.pl\/wp-content\/uploads\/2026\/02\/641273135_1488285139968619_8317522085996889837_n.jpg 509w, https:\/\/powiatwwl.pl\/wp-content\/uploads\/2026\/02\/641273135_1488285139968619_8317522085996889837_n-212x300.jpg 212w\" sizes=\"auto, (max-width: 509px) 100vw, 509px\" \/><\/figure>\n<\/div>\n\n\n<h2 class=\"wp-block-heading\"><strong><a href=\"https:\/\/www.facebook.com\/ILOPULWolomin\">POMAGAMY PANI ANI<\/a><\/strong><\/h2>\n\n\n\n<hr class=\"wp-block-separator aligncenter has-alpha-channel-opacity\"\/>\n\n\n\n<p>Od 30 lat na terenie naszego powiatu w Wo\u0142ominie dzia\u0142a Hospicjum Opatrzno\u015bci Bo\u017cej prowadzone przez Ksi\u0119\u017cy Orionist\u00f3w. Obecnie trwa budowa nowej cz\u0119\u015bci hospicjum dla Dzieci. Zach\u0119camy do wspierania tej pi\u0119knej i wspania\u0142ej instytucji wspieraj\u0105cej ka\u017cdego w najtrudniejszym momencie \u017cycia. Szczeg\u00f3\u0142y poni\u017cej:<\/p>\n\n\n<div class=\"wp-block-image\">\n<figure class=\"alignleft size-large is-resized\"><img loading=\"lazy\" decoding=\"async\" width=\"1024\" height=\"573\" src=\"https:\/\/powiatwwl.pl\/wp-content\/uploads\/2026\/02\/LogoHospicjum-1024x573.jpg\" alt=\"\" class=\"wp-image-310\" style=\"width:238px;height:auto\" srcset=\"https:\/\/powiatwwl.pl\/wp-content\/uploads\/2026\/02\/LogoHospicjum-1024x573.jpg 1024w, https:\/\/powiatwwl.pl\/wp-content\/uploads\/2026\/02\/LogoHospicjum-300x168.jpg 300w, https:\/\/powiatwwl.pl\/wp-content\/uploads\/2026\/02\/LogoHospicjum-768x430.jpg 768w, https:\/\/powiatwwl.pl\/wp-content\/uploads\/2026\/02\/LogoHospicjum-1536x860.jpg 1536w, https:\/\/powiatwwl.pl\/wp-content\/uploads\/2026\/02\/LogoHospicjum.jpg 2048w\" sizes=\"auto, (max-width: 1024px) 100vw, 1024px\" \/><\/figure>\n<\/div>\n\n\n<h2 class=\"wp-block-heading\"><a href=\"https:\/\/hospicjumopatrznosci.org\/\"><strong>Hospicjum Opatrzno\u015bci Bo\u017cej<\/strong><\/a><\/h2>\n\n\n\n<p><\/p>\n\n\n\n<p><\/p>\n\n\n\n<p><\/p>\n\n\n\n<hr class=\"wp-block-separator has-alpha-channel-opacity\"\/>\n\n\n<div class=\"wp-block-image\">\n<figure class=\"aligncenter size-full\"><img loading=\"lazy\" decoding=\"async\" width=\"851\" height=\"315\" src=\"https:\/\/powiatwwl.pl\/wp-content\/uploads\/2026\/02\/486010409_1062364909264759_8823042167110446351_n.png\" alt=\"\" class=\"wp-image-338\" srcset=\"https:\/\/powiatwwl.pl\/wp-content\/uploads\/2026\/02\/486010409_1062364909264759_8823042167110446351_n.png 851w, https:\/\/powiatwwl.pl\/wp-content\/uploads\/2026\/02\/486010409_1062364909264759_8823042167110446351_n-300x111.png 300w, https:\/\/powiatwwl.pl\/wp-content\/uploads\/2026\/02\/486010409_1062364909264759_8823042167110446351_n-768x284.png 768w\" sizes=\"auto, (max-width: 851px) 100vw, 851px\" \/><\/figure>\n<\/div>\n\n\n<hr class=\"wp-block-separator has-alpha-channel-opacity\"\/>\n\n\n<div class=\"wp-block-image\">\n<figure class=\"aligncenter size-full\"><a href=\"https:\/\/hospicjumopatrznosci.org\/pit\"><img loading=\"lazy\" decoding=\"async\" width=\"851\" height=\"315\" src=\"https:\/\/powiatwwl.pl\/wp-content\/uploads\/2026\/02\/15-na-rzecz-hospicjum.jpg\" alt=\"\" class=\"wp-image-882\" srcset=\"https:\/\/powiatwwl.pl\/wp-content\/uploads\/2026\/02\/15-na-rzecz-hospicjum.jpg 851w, https:\/\/powiatwwl.pl\/wp-content\/uploads\/2026\/02\/15-na-rzecz-hospicjum-300x111.jpg 300w, https:\/\/powiatwwl.pl\/wp-content\/uploads\/2026\/02\/15-na-rzecz-hospicjum-768x284.jpg 768w\" sizes=\"auto, (max-width: 851px) 100vw, 851px\" \/><\/a><\/figure>\n<\/div>\n\n\n<hr class=\"wp-block-separator has-alpha-channel-opacity\"\/>\n\n\n\n<p>Rok 2015. Film, kt\u00f3ry zosta\u0142 przygotowany  na uroczysto\u015b\u0107 <strong>20 &#8211; lecia<\/strong> Hospicjum Opatrzno\u015bci Bo\u017cej w Wo\u0142ominie.<em><strong> (Autor filmu Piotr Wyszy\u0144ski)<\/strong><\/em><\/p>\n\n\n\n<figure class=\"wp-block-embed is-type-video is-provider-youtube wp-block-embed-youtube wp-embed-aspect-16-9 wp-has-aspect-ratio\"><div class=\"wp-block-embed__wrapper\">\n<div class=\"video-container\"><iframe loading=\"lazy\" title=\"20 lat Hospicjum Opatrzno\u015bci Bo\u017cej w Wo\u0142ominie, marzec 2015\" width=\"500\" height=\"281\" src=\"https:\/\/www.youtube.com\/embed\/8CsxWd-xy08?feature=oembed&#038;wmode=opaque\" frameborder=\"0\" allow=\"accelerometer; autoplay; clipboard-write; encrypted-media; gyroscope; picture-in-picture; web-share\" referrerpolicy=\"strict-origin-when-cross-origin\" allowfullscreen><\/iframe><\/div>\n<\/div><\/figure>\n\n\n\n<hr class=\"wp-block-separator has-alpha-channel-opacity\"\/>\n","protected":false},"excerpt":{"rendered":"<p>Pomagamy Pani Profesor Ani wspania\u0142ej wychowawczyni i nauczycielki j\u0119zyka angielskiego z Wo\u0142omina Fundacja Daj Mi Skrzyd\u0142a Konto na darowizny dla Pani Ani: 30 2130 0004 2001 0616 8835 0005 POMAGAMY PANI ANI Od 30 lat na terenie naszego powiatu w Wo\u0142ominie dzia\u0142a Hospicjum Opatrzno\u015bci Bo\u017cej prowadzone przez Ksi\u0119\u017cy Orionist\u00f3w. Obecnie&#46;&#46;&#46;<\/p>\n","protected":false},"author":1,"featured_media":0,"parent":0,"menu_order":0,"comment_status":"closed","ping_status":"closed","template":"","meta":{"footnotes":""},"class_list":["post-87","page","type-page","status-publish","hentry"],"_links":{"self":[{"href":"https:\/\/powiatwwl.pl\/index.php?rest_route=\/wp\/v2\/pages\/87","targetHints":{"allow":["GET"]}}],"collection":[{"href":"https:\/\/powiatwwl.pl\/index.php?rest_route=\/wp\/v2\/pages"}],"about":[{"href":"https:\/\/powiatwwl.pl\/index.php?rest_route=\/wp\/v2\/types\/page"}],"author":[{"embeddable":true,"href":"https:\/\/powiatwwl.pl\/index.php?rest_route=\/wp\/v2\/users\/1"}],"replies":[{"embeddable":true,"href":"https:\/\/powiatwwl.pl\/index.php?rest_route=%2Fwp%2Fv2%2Fcomments&post=87"}],"version-history":[{"count":15,"href":"https:\/\/powiatwwl.pl\/index.php?rest_route=\/wp\/v2\/pages\/87\/revisions"}],"predecessor-version":[{"id":1117,"href":"https:\/\/powiatwwl.pl\/index.php?rest_route=\/wp\/v2\/pages\/87\/revisions\/1117"}],"wp:attachment":[{"href":"https:\/\/powiatwwl.pl\/index.php?rest_route=%2Fwp%2Fv2%2Fmedia&parent=87"}],"curies":[{"name":"wp","href":"https:\/\/api.w.org\/{rel}","templated":true}]}}