{"id":91,"date":"2026-02-05T10:52:34","date_gmt":"2026-02-05T09:52:34","guid":{"rendered":"http:\/\/powiatwwl.pl\/?page_id=91"},"modified":"2026-04-20T10:34:38","modified_gmt":"2026-04-20T08:34:38","slug":"kultura","status":"publish","type":"page","link":"https:\/\/powiatwwl.pl\/?page_id=91","title":{"rendered":"KULTURA"},"content":{"rendered":"\n<hr class=\"wp-block-separator has-alpha-channel-opacity\"\/>\n\n\n\n<h2 class=\"wp-block-heading has-text-align-center\">AKTUALNO\u015aCI<\/h2>\n\n\n\n<p>Wi\u0119cej  o V edycji THE VOICE OF POWIAT <\/p>\n\n\n<div class=\"wp-block-image\">\n<figure class=\"alignleft size-large is-resized\"><img loading=\"lazy\" decoding=\"async\" width=\"1024\" height=\"1024\" src=\"https:\/\/powiatwwl.pl\/wp-content\/uploads\/2026\/02\/pw-2-1024x1024.jpg\" alt=\"\" class=\"wp-image-442\" style=\"width:107px;height:auto\" srcset=\"https:\/\/powiatwwl.pl\/wp-content\/uploads\/2026\/02\/pw-2-1024x1024.jpg 1024w, https:\/\/powiatwwl.pl\/wp-content\/uploads\/2026\/02\/pw-2-300x300.jpg 300w, https:\/\/powiatwwl.pl\/wp-content\/uploads\/2026\/02\/pw-2-150x150.jpg 150w, https:\/\/powiatwwl.pl\/wp-content\/uploads\/2026\/02\/pw-2-768x768.jpg 768w, https:\/\/powiatwwl.pl\/wp-content\/uploads\/2026\/02\/pw-2-80x80.jpg 80w, https:\/\/powiatwwl.pl\/wp-content\/uploads\/2026\/02\/pw-2-320x320.jpg 320w, https:\/\/powiatwwl.pl\/wp-content\/uploads\/2026\/02\/pw-2.jpg 1280w\" sizes=\"auto, (max-width: 1024px) 100vw, 1024px\" \/><\/figure>\n<\/div>\n\n\n<h2 class=\"wp-block-heading\"><strong><a href=\"https:\/\/fabryczka.com.pl\/\">FABRYCZKA<\/a><\/strong><\/h2>\n\n\n<div class=\"wp-block-image\">\n<figure class=\"aligncenter size-full\"><img decoding=\"async\" src=\"https:\/\/powiatwwl.pl\/wp-content\/uploads\/2026\/03\/651193232_1632751335085095_6997750373741357969_n.jpg\" alt=\"\" class=\"wp-image-2077\"\/><\/figure>\n<\/div>\n\n\n<hr class=\"wp-block-separator aligncenter has-alpha-channel-opacity\"\/>\n\n\n\n<p><\/p>\n\n\n\n<h2 class=\"wp-block-heading has-text-align-center\"><strong>POWIATOWE CENTRUM FABRYCZKA<\/strong><\/h2>\n\n\n\n<p><\/p>\n\n\n\n<figure class=\"wp-block-image size-large\"><img loading=\"lazy\" decoding=\"async\" width=\"1024\" height=\"432\" src=\"https:\/\/powiatwwl.pl\/wp-content\/uploads\/2026\/02\/1920x810-2-1024x432.jpg\" alt=\"\" class=\"wp-image-693\" srcset=\"https:\/\/powiatwwl.pl\/wp-content\/uploads\/2026\/02\/1920x810-2-1024x432.jpg 1024w, https:\/\/powiatwwl.pl\/wp-content\/uploads\/2026\/02\/1920x810-2-300x127.jpg 300w, https:\/\/powiatwwl.pl\/wp-content\/uploads\/2026\/02\/1920x810-2-768x324.jpg 768w, https:\/\/powiatwwl.pl\/wp-content\/uploads\/2026\/02\/1920x810-2-1536x648.jpg 1536w, https:\/\/powiatwwl.pl\/wp-content\/uploads\/2026\/02\/1920x810-2.jpg 1920w\" sizes=\"auto, (max-width: 1024px) 100vw, 1024px\" \/><\/figure>\n\n\n<div class=\"wp-block-image\">\n<figure class=\"alignleft size-large is-resized\"><img loading=\"lazy\" decoding=\"async\" width=\"1024\" height=\"1024\" src=\"https:\/\/powiatwwl.pl\/wp-content\/uploads\/2026\/02\/pw-2-1024x1024.jpg\" alt=\"\" class=\"wp-image-442\" style=\"width:85px;height:auto\" srcset=\"https:\/\/powiatwwl.pl\/wp-content\/uploads\/2026\/02\/pw-2-1024x1024.jpg 1024w, https:\/\/powiatwwl.pl\/wp-content\/uploads\/2026\/02\/pw-2-300x300.jpg 300w, https:\/\/powiatwwl.pl\/wp-content\/uploads\/2026\/02\/pw-2-150x150.jpg 150w, https:\/\/powiatwwl.pl\/wp-content\/uploads\/2026\/02\/pw-2-768x768.jpg 768w, https:\/\/powiatwwl.pl\/wp-content\/uploads\/2026\/02\/pw-2-80x80.jpg 80w, https:\/\/powiatwwl.pl\/wp-content\/uploads\/2026\/02\/pw-2-320x320.jpg 320w, https:\/\/powiatwwl.pl\/wp-content\/uploads\/2026\/02\/pw-2.jpg 1280w\" sizes=\"auto, (max-width: 1024px) 100vw, 1024px\" \/><\/figure>\n<\/div>\n\n\n<h2 class=\"wp-block-heading\"><strong><a href=\"https:\/\/fabryczka.com.pl\/\">FABRYCZKA<\/a><\/strong><\/h2>\n\n\n\n<p><\/p>\n\n\n\n<p><\/p>\n\n\n\n<p><\/p>\n\n\n\n<p><\/p>\n\n\n<div class=\"wp-block-image\">\n<figure class=\"alignright size-full is-resized\"><img loading=\"lazy\" decoding=\"async\" width=\"236\" height=\"200\" src=\"https:\/\/powiatwwl.pl\/wp-content\/uploads\/2026\/02\/fabryczka-logo-3.png\" alt=\"\" class=\"wp-image-695\" style=\"width:86px;height:auto\"\/><\/figure>\n<\/div>\n\n\n<h2 class=\"wp-block-heading has-text-align-right\"><a href=\"https:\/\/www.facebook.com\/fabryczka.wolomin\"><strong>FACEBOOK FABRYCZKA<\/strong> na FACEBOOK<\/a><\/h2>\n\n\n\n<p><\/p>\n\n\n\n<hr class=\"wp-block-separator has-alpha-channel-opacity\"\/>\n\n\n\n<h2 class=\"wp-block-heading has-text-align-center\"><strong>PA\u0141AC w CHRZ\u0118SNE<\/strong>M<\/h2>\n\n\n\n<figure class=\"wp-block-image size-large\"><img loading=\"lazy\" decoding=\"async\" width=\"1024\" height=\"768\" src=\"https:\/\/powiatwwl.pl\/wp-content\/uploads\/2026\/02\/image-1024x768.webp\" alt=\"\" class=\"wp-image-703\" srcset=\"https:\/\/powiatwwl.pl\/wp-content\/uploads\/2026\/02\/image-1024x768.webp 1024w, https:\/\/powiatwwl.pl\/wp-content\/uploads\/2026\/02\/image-300x225.webp 300w, https:\/\/powiatwwl.pl\/wp-content\/uploads\/2026\/02\/image-768x576.webp 768w, https:\/\/powiatwwl.pl\/wp-content\/uploads\/2026\/02\/image.webp 1280w\" sizes=\"auto, (max-width: 1024px) 100vw, 1024px\" \/><\/figure>\n\n\n<div class=\"wp-block-image\">\n<figure class=\"alignleft size-large is-resized\"><img loading=\"lazy\" decoding=\"async\" width=\"1024\" height=\"1024\" src=\"https:\/\/powiatwwl.pl\/wp-content\/uploads\/2026\/02\/pw-2-1024x1024.jpg\" alt=\"\" class=\"wp-image-442\" style=\"width:110px;height:auto\" srcset=\"https:\/\/powiatwwl.pl\/wp-content\/uploads\/2026\/02\/pw-2-1024x1024.jpg 1024w, https:\/\/powiatwwl.pl\/wp-content\/uploads\/2026\/02\/pw-2-300x300.jpg 300w, https:\/\/powiatwwl.pl\/wp-content\/uploads\/2026\/02\/pw-2-150x150.jpg 150w, https:\/\/powiatwwl.pl\/wp-content\/uploads\/2026\/02\/pw-2-768x768.jpg 768w, https:\/\/powiatwwl.pl\/wp-content\/uploads\/2026\/02\/pw-2-80x80.jpg 80w, https:\/\/powiatwwl.pl\/wp-content\/uploads\/2026\/02\/pw-2-320x320.jpg 320w, https:\/\/powiatwwl.pl\/wp-content\/uploads\/2026\/02\/pw-2.jpg 1280w\" sizes=\"auto, (max-width: 1024px) 100vw, 1024px\" \/><\/figure>\n<\/div>\n\n\n<h2 class=\"wp-block-heading has-text-align-left\"><strong><a href=\"https:\/\/palacwchrzesnem.pl\">PA\u0141AC w CHRZ\u0118SNEM<\/a><\/strong><\/h2>\n\n\n\n<p><\/p>\n\n\n\n<hr class=\"wp-block-separator aligncenter has-alpha-channel-opacity\"\/>\n\n\n<div class=\"wp-block-image\">\n<figure class=\"alignleft size-full is-resized\"><img loading=\"lazy\" decoding=\"async\" width=\"330\" height=\"132\" src=\"https:\/\/powiatwwl.pl\/wp-content\/uploads\/2026\/02\/download-1.png\" alt=\"\" class=\"wp-image-705\" style=\"width:109px;height:auto\" srcset=\"https:\/\/powiatwwl.pl\/wp-content\/uploads\/2026\/02\/download-1.png 330w, https:\/\/powiatwwl.pl\/wp-content\/uploads\/2026\/02\/download-1-300x120.png 300w\" sizes=\"auto, (max-width: 330px) 100vw, 330px\" \/><\/figure>\n<\/div>\n\n\n<h2 class=\"wp-block-heading\"><strong><a href=\"https:\/\/www.facebook.com\/palacwchrzesnem\">PA\u0141AC w CHRZ\u0118SNEM FACEBOOK<\/a><\/strong><\/h2>\n\n\n\n<p><\/p>\n\n\n\n<hr class=\"wp-block-separator has-alpha-channel-opacity\"\/>\n\n\n\n<h2 class=\"wp-block-heading has-text-align-center\"><strong>POWIATOWA BIBLIOTEKA PUBLICZNA IM. HELENY i STEFANA NESFETER\u00d3W<\/strong><\/h2>\n\n\n\n<figure class=\"wp-block-image size-large\"><img loading=\"lazy\" decoding=\"async\" width=\"1024\" height=\"682\" src=\"https:\/\/powiatwwl.pl\/wp-content\/uploads\/2026\/02\/pbp-1024x682.jpg\" alt=\"\" class=\"wp-image-710\" srcset=\"https:\/\/powiatwwl.pl\/wp-content\/uploads\/2026\/02\/pbp-1024x682.jpg 1024w, https:\/\/powiatwwl.pl\/wp-content\/uploads\/2026\/02\/pbp-300x200.jpg 300w, https:\/\/powiatwwl.pl\/wp-content\/uploads\/2026\/02\/pbp-768x512.jpg 768w, https:\/\/powiatwwl.pl\/wp-content\/uploads\/2026\/02\/pbp-1536x1024.jpg 1536w, https:\/\/powiatwwl.pl\/wp-content\/uploads\/2026\/02\/pbp.jpg 2000w\" sizes=\"auto, (max-width: 1024px) 100vw, 1024px\" \/><\/figure>\n\n\n<div class=\"wp-block-image\">\n<figure class=\"alignleft size-large is-resized\"><img loading=\"lazy\" decoding=\"async\" width=\"1024\" height=\"1024\" src=\"https:\/\/powiatwwl.pl\/wp-content\/uploads\/2026\/02\/pw-2-1024x1024.jpg\" alt=\"\" class=\"wp-image-442\" style=\"width:113px;height:auto\" srcset=\"https:\/\/powiatwwl.pl\/wp-content\/uploads\/2026\/02\/pw-2-1024x1024.jpg 1024w, https:\/\/powiatwwl.pl\/wp-content\/uploads\/2026\/02\/pw-2-300x300.jpg 300w, https:\/\/powiatwwl.pl\/wp-content\/uploads\/2026\/02\/pw-2-150x150.jpg 150w, https:\/\/powiatwwl.pl\/wp-content\/uploads\/2026\/02\/pw-2-768x768.jpg 768w, https:\/\/powiatwwl.pl\/wp-content\/uploads\/2026\/02\/pw-2-80x80.jpg 80w, https:\/\/powiatwwl.pl\/wp-content\/uploads\/2026\/02\/pw-2-320x320.jpg 320w, https:\/\/powiatwwl.pl\/wp-content\/uploads\/2026\/02\/pw-2.jpg 1280w\" sizes=\"auto, (max-width: 1024px) 100vw, 1024px\" \/><\/figure>\n<\/div>\n\n\n<h2 class=\"wp-block-heading\"><strong><a href=\"https:\/\/www.pbp.wolomin.pl\/\">POWIATOWA BIBLIOTEKA PUBLICZNA<\/a><\/strong><\/h2>\n","protected":false},"excerpt":{"rendered":"<p>AKTUALNO\u015aCI Wi\u0119cej o V edycji THE VOICE OF POWIAT FABRYCZKA POWIATOWE CENTRUM FABRYCZKA FABRYCZKA FACEBOOK FABRYCZKA na FACEBOOK PA\u0141AC w CHRZ\u0118SNEM PA\u0141AC w CHRZ\u0118SNEM PA\u0141AC w CHRZ\u0118SNEM FACEBOOK POWIATOWA BIBLIOTEKA PUBLICZNA IM. HELENY i STEFANA NESFETER\u00d3W POWIATOWA BIBLIOTEKA PUBLICZNA<\/p>\n","protected":false},"author":1,"featured_media":0,"parent":0,"menu_order":0,"comment_status":"closed","ping_status":"closed","template":"","meta":{"footnotes":""},"class_list":["post-91","page","type-page","status-publish","hentry"],"_links":{"self":[{"href":"https:\/\/powiatwwl.pl\/index.php?rest_route=\/wp\/v2\/pages\/91","targetHints":{"allow":["GET"]}}],"collection":[{"href":"https:\/\/powiatwwl.pl\/index.php?rest_route=\/wp\/v2\/pages"}],"about":[{"href":"https:\/\/powiatwwl.pl\/index.php?rest_route=\/wp\/v2\/types\/page"}],"author":[{"embeddable":true,"href":"https:\/\/powiatwwl.pl\/index.php?rest_route=\/wp\/v2\/users\/1"}],"replies":[{"embeddable":true,"href":"https:\/\/powiatwwl.pl\/index.php?rest_route=%2Fwp%2Fv2%2Fcomments&post=91"}],"version-history":[{"count":20,"href":"https:\/\/powiatwwl.pl\/index.php?rest_route=\/wp\/v2\/pages\/91\/revisions"}],"predecessor-version":[{"id":2971,"href":"https:\/\/powiatwwl.pl\/index.php?rest_route=\/wp\/v2\/pages\/91\/revisions\/2971"}],"wp:attachment":[{"href":"https:\/\/powiatwwl.pl\/index.php?rest_route=%2Fwp%2Fv2%2Fmedia&parent=91"}],"curies":[{"name":"wp","href":"https:\/\/api.w.org\/{rel}","templated":true}]}}