{"id":93,"date":"2026-02-05T10:53:16","date_gmt":"2026-02-05T09:53:16","guid":{"rendered":"http:\/\/powiatwwl.pl\/?page_id=93"},"modified":"2026-03-18T15:49:43","modified_gmt":"2026-03-18T14:49:43","slug":"powiat-i-nie-tylko","status":"publish","type":"page","link":"https:\/\/powiatwwl.pl\/?page_id=93","title":{"rendered":"FELIETON &#8211; Bez cenzury"},"content":{"rendered":"<div class=\"wp-block-image\">\n<figure class=\"alignleft size-large is-resized\"><img loading=\"lazy\" decoding=\"async\" width=\"1024\" height=\"1024\" src=\"https:\/\/powiatwwl.pl\/wp-content\/uploads\/2026\/03\/PW-logok-Zdjecie-profilowe-na-Facebooka-2-1024x1024.jpg\" alt=\"\" class=\"wp-image-1853\" style=\"width:109px;height:auto\" srcset=\"https:\/\/powiatwwl.pl\/wp-content\/uploads\/2026\/03\/PW-logok-Zdjecie-profilowe-na-Facebooka-2-1024x1024.jpg 1024w, https:\/\/powiatwwl.pl\/wp-content\/uploads\/2026\/03\/PW-logok-Zdjecie-profilowe-na-Facebooka-2-300x300.jpg 300w, https:\/\/powiatwwl.pl\/wp-content\/uploads\/2026\/03\/PW-logok-Zdjecie-profilowe-na-Facebooka-2-150x150.jpg 150w, https:\/\/powiatwwl.pl\/wp-content\/uploads\/2026\/03\/PW-logok-Zdjecie-profilowe-na-Facebooka-2-768x768.jpg 768w, https:\/\/powiatwwl.pl\/wp-content\/uploads\/2026\/03\/PW-logok-Zdjecie-profilowe-na-Facebooka-2-1536x1536.jpg 1536w, https:\/\/powiatwwl.pl\/wp-content\/uploads\/2026\/03\/PW-logok-Zdjecie-profilowe-na-Facebooka-2-80x80.jpg 80w, https:\/\/powiatwwl.pl\/wp-content\/uploads\/2026\/03\/PW-logok-Zdjecie-profilowe-na-Facebooka-2-320x320.jpg 320w, https:\/\/powiatwwl.pl\/wp-content\/uploads\/2026\/03\/PW-logok-Zdjecie-profilowe-na-Facebooka-2.jpg 2048w\" sizes=\"auto, (max-width: 1024px) 100vw, 1024px\" \/><\/figure>\n<\/div>\n\n\n<p>Comiesi\u0119czny cykl felieton\u00f3w <strong>&#8222;Bez Cenzury&#8221;<\/strong>. Przeczyta\u0107 b\u0119dzie mo\u017cna felieton autorstwa Piotra Wyszy\u0144skiego. <\/p>\n\n\n\n<h2 class=\"wp-block-heading\"><strong><a href=\"http:\/\/www.wyszynskipiotr.pl\">Piotr WYSZY\u0143SKI<\/a><\/strong><\/h2>\n\n\n\n<hr class=\"wp-block-separator has-alpha-channel-opacity\"\/>\n\n\n\n<p><strong><em>Marzec 2026, Piotr Wyszy\u0144ski<\/em><\/strong><\/p>\n\n\n\n<h2 class=\"wp-block-heading\">Bezpieczna Polska, Sukces Polski \u2013 wrogiem prezydenta RP i PiS<\/h2>\n\n\n<div class=\"wp-block-image\">\n<figure class=\"aligncenter size-full\"><img loading=\"lazy\" decoding=\"async\" width=\"620\" height=\"413\" src=\"https:\/\/powiatwwl.pl\/wp-content\/uploads\/2026\/03\/z32663599QDemonstracja-zwolennikow-programu-SAFE-pod-Palacem.jpg\" alt=\"\" class=\"wp-image-2182\" srcset=\"https:\/\/powiatwwl.pl\/wp-content\/uploads\/2026\/03\/z32663599QDemonstracja-zwolennikow-programu-SAFE-pod-Palacem.jpg 620w, https:\/\/powiatwwl.pl\/wp-content\/uploads\/2026\/03\/z32663599QDemonstracja-zwolennikow-programu-SAFE-pod-Palacem-300x200.jpg 300w\" sizes=\"auto, (max-width: 620px) 100vw, 620px\" \/><\/figure>\n<\/div>\n\n\n<p><strong>Od kilku tygodn<\/strong>i tematem numer jeden jest SAFE (Security Action of Europe) oraz tragikomedia w wykonaniu prezydenta, PiS i prezesa NBP pt:\u201d SAFE 0%\u201d. W pierwszym przypadku to program Unii Europejskiej dozbrojenia Europy na kwot\u0119 ponad 150 mld euro. W tym programie 19 pa\u0144stw EU otrzyma finansowe wsparcie na wzmocnienie swojego potencja\u0142u obronnego. Polska dzi\u0119ki zabiegom rz\u0105du D. Tuska, kt\u00f3re trwa\u0142y od prawie roku ( warto doda\u0107, \u017ce Polska by\u0142a pomys\u0142odawc\u0105 SAFE) wynegocjowa\u0142a ponad 44 mld. euro co stanowi zdecydowanie najwi\u0119ksz\u0105 kwot\u0119 w\u015br\u00f3d pa\u0144stw UE. To wsparcie jest priorytetowe na bardzo dobrych warunkach jedynie 3% od po\u017cyczonych od UE pieni\u0119dzy. Co wa\u017cne 90% tej kwoty pozostanie w polskiej gospodarce i polskich zak\u0142adach zbrojeniowych.<\/p>\n\n\n\n<p><strong>Z drugiej strony<\/strong>&nbsp;\u201ekabaretowa\u201d propozycja prezydenta, prezesa NBP oraz PiS nazwana \u201eSAFE 0%\u201d czyli w skr\u00f3cie \u201d damy pieni\u0105dze, kt\u00f3rych nie ma na dozbrojenie polskiego wojska i damy je za darmo o%, a co gorsza da te pieni\u0105dze NBP, kt\u00f3re w ostatnich latach straci\u0142o prawie 100 mld z\u0142otych\u201d. Reasumuj\u0105c \u2013 pieni\u0105dze s\u0105, ale ich nie ma, maj\u0105 by\u0107, ale nie wiadomo czy b\u0119d\u0105 i czy kiedykolwiek b\u0119d\u0105. Czyli tak naprawd\u0119 totalna \u015bciema dla publiki w my\u015bl zasady \u201eciemny lud wszystko kupi\u201d.<\/p>\n\n\n\n<p><strong>Pytanie po co i dlaczego ? \u2013 odpowied\u017a jest niestety tragiczna i banalnie prosta.<\/strong><\/p>\n\n\n\n<p><strong>Bezpieczna Polska,<\/strong>&nbsp;sukces Polski i tym samym sukces obecnie rz\u0105dz\u0105cych (czytaj Tuska) jest dla prezydenta RP, prawicy, PiS nie do zaakceptowania na rok przed wyborami parlamentarnymi w 2027 roku. Wymy\u015blony i wynegocjowany przez Donalda Tuska i Jego rz\u0105d program natychmiastowego miliardowego wsparcia si\u0142 zbrojnych Rzeczypospolitej, ogromnego wzmocnienia przemys\u0142u zbrojeniowego tym samym polskiej gospodarki, wielu o\u015brodk\u00f3w przemys\u0142owych, zak\u0142ad\u00f3w zbrojeniowych, stworzenia nowych miejsc pracy w sumie ponad 20 tysi\u0119cy polskich firm, wzmocnienie wszystkich s\u0142u\u017cb mundurowych, infrastruktury komunikacyjnej jest dla obecnej opozycji tragiczn\u0105 perspektyw\u0105. Na tyle tragiczn\u0105 dla opozycji, \u017ce nawet w \u201ematecznikach\u201d PiS na \u015bcianie wschodniej po przez program SAFE mo\u017ce obecnie rz\u0105dz\u0105ca koalicja odnie\u015b\u0107 sukces w przysz\u0142orocznych wyborach. A taka perspektywa o zgrozo nawet kosztem bezpiecze\u0144stwa Polski, sukcesu gospodarczego Polski, sukcesu obywateli RP jest dla prezydenta oraz partii prawicowych nie do zaakceptowania.<\/p>\n\n\n\n<p><strong>Po to prawica, PiS i prezydent RP<\/strong>&nbsp;wymy\u015blili bajk\u0119 o alternatywnym \u201eSAFE 0%\u201d by przekona\u0107 sw\u00f3j elektorat, \u017ce Unia Europejska (czytaj Niemcy) to wr\u00f3g, kt\u00f3ry zniszczy potencja\u0142 finansowy i gospodarczy Polski, \u017ce Donald Tusk sprzeda\u0142 Polsk\u0119 Niemcom, \u017ce te ponad 44 mln euro \u201eukradn\u0105\u201d niemieckie firmy zbrojeniowe i w og\u00f3le EU pu\u015bci nas w skarpetkach\u2026 dlatego my damy te 180 mld. z\u0142otych z NBP na 0% ( takie pieni\u0105dze nie istniej\u0105), ale \u017ce ich nie mamy i nie wiemy czy b\u0119dziemy mieli to nie problem. Prezes NBP na \u201erozkaz\u201d prezydenta powiedzia\u0142, \u017ce nagle je maj\u0105 to znaczy, \u017ce s\u0105\u2026. I takie \u201ekino za darmo\u201d lansuje opozycja i ich re\u017cimowe media.<\/p>\n\n\n\n<p><strong>I by\u0142o by to \u015bmieszne&nbsp;<\/strong>gdyby nie to, \u017ce Polska potrzebuje natychmiast ogromnych nak\u0142ad\u00f3w na przemys\u0142 zbrojeniowy, na wzmocnienie wszystkich s\u0142u\u017cb mundurowych, na wzmocnienie polskiej gospodarki bo za wschodni\u0105 granic\u0105 pe\u0142noskalowa wojna, \u015bwiat coraz bardziej niespokojny wybuchaj\u0105 kolejne konflikty zbrojne. I to jest dzi\u015b najwa\u017cniejsza dla ka\u017cdego zdrowo my\u015bl\u0105cego obywatela RP, patrioty, kt\u00f3remu na sercu le\u017cy dobro i sukces ojczyzny.<\/p>\n\n\n\n<p><strong>Niestety dla polskiej prawicy<\/strong>, PiS, prezydenta RP (czytaj opozycji) w\u0142asne interesy partyjne, wyborcze, powr\u00f3t do w\u0142adzy, koryto i milionowe \u201ekonfitury\u201d s\u0105 najwa\u017cniejsze nawet kosztem&nbsp;<strong>BEZPIECZE\u0143STWA OJCZYZNY i OBYWATELI RP.<\/strong><\/p>\n\n\n\n<p><strong>Na szcz\u0119\u015bcie<\/strong>&nbsp;wynegocjowany w EU program SAFE wejdzie w \u017cyciu b\u0119dzie on sukcesem Polski i Polak\u00f3w. Jestem przekonany, \u017ce zostanie on odpowiednio oceniony przez obywateli, tak\u017ce jesieni\u0105 przysz\u0142ego roku podczas kolejnych wybor\u00f3w parlamentarnych.&nbsp;<strong>Bo POLSKA BEZPIECZNA, POLSKA SUKCESU jest najwa\u017cniejsza&nbsp;<\/strong>bez wzgl\u0119du na partyjne gierki opozycji i prezydenta RP.<\/p>\n\n\n\n<p><\/p>\n\n\n\n<hr class=\"wp-block-separator aligncenter has-alpha-channel-opacity\"\/>\n\n\n<div class=\"wp-block-image\">\n<figure class=\"alignleft size-large is-resized\"><img loading=\"lazy\" decoding=\"async\" width=\"1024\" height=\"1024\" src=\"https:\/\/powiatwwl.pl\/wp-content\/uploads\/2026\/02\/ps-2-1024x1024.jpg\" alt=\"\" class=\"wp-image-561\" style=\"width:108px;height:auto\" srcset=\"https:\/\/powiatwwl.pl\/wp-content\/uploads\/2026\/02\/ps-2-1024x1024.jpg 1024w, https:\/\/powiatwwl.pl\/wp-content\/uploads\/2026\/02\/ps-2-300x300.jpg 300w, https:\/\/powiatwwl.pl\/wp-content\/uploads\/2026\/02\/ps-2-150x150.jpg 150w, https:\/\/powiatwwl.pl\/wp-content\/uploads\/2026\/02\/ps-2-768x768.jpg 768w, https:\/\/powiatwwl.pl\/wp-content\/uploads\/2026\/02\/ps-2-1536x1536.jpg 1536w, https:\/\/powiatwwl.pl\/wp-content\/uploads\/2026\/02\/ps-2-80x80.jpg 80w, https:\/\/powiatwwl.pl\/wp-content\/uploads\/2026\/02\/ps-2-320x320.jpg 320w, https:\/\/powiatwwl.pl\/wp-content\/uploads\/2026\/02\/ps-2.jpg 2048w\" sizes=\"auto, (max-width: 1024px) 100vw, 1024px\" \/><\/figure>\n<\/div>\n\n\n<h2 class=\"wp-block-heading\"><strong><a href=\"http:\/\/www.wyszynskipiotr.pl\">Piotr WYSZY\u0143SKI<\/a><\/strong><\/h2>\n\n\n\n<p><\/p>\n\n\n\n<p><\/p>\n\n\n\n<hr class=\"wp-block-separator aligncenter has-alpha-channel-opacity\"\/>\n\n\n\n<p><em>Marzec 2026, Piotr Wyszy\u0144ski<\/em><\/p>\n\n\n\n<h2 class=\"wp-block-heading\">Bez z\u0142ej polityki mo\u017ce by\u0107 normalnie<\/h2>\n\n\n<div class=\"wp-block-image\">\n<figure class=\"alignleft size-large is-resized\"><img loading=\"lazy\" decoding=\"async\" width=\"1024\" height=\"768\" src=\"https:\/\/powiatwwl.pl\/wp-content\/uploads\/2026\/02\/607893039_25308716375476641_3483307748853699508_n-edited-1-1024x768.jpg\" alt=\"\" class=\"wp-image-612\" style=\"width:224px;height:auto\" srcset=\"https:\/\/powiatwwl.pl\/wp-content\/uploads\/2026\/02\/607893039_25308716375476641_3483307748853699508_n-edited-1-1024x768.jpg 1024w, https:\/\/powiatwwl.pl\/wp-content\/uploads\/2026\/02\/607893039_25308716375476641_3483307748853699508_n-edited-1-300x225.jpg 300w, https:\/\/powiatwwl.pl\/wp-content\/uploads\/2026\/02\/607893039_25308716375476641_3483307748853699508_n-edited-1-768x576.jpg 768w, https:\/\/powiatwwl.pl\/wp-content\/uploads\/2026\/02\/607893039_25308716375476641_3483307748853699508_n-edited-1.jpg 1152w\" sizes=\"auto, (max-width: 1024px) 100vw, 1024px\" \/><\/figure>\n<\/div>\n\n\n<p class=\"has-text-align-left\"><strong>Po d\u0142ugiej <\/strong>przerwie w 2024 roku postanowi\u0142em czynnie wr\u00f3ci\u0107 do \u017cycia publicznego, kandyduj\u0105c w wyborach samorz\u0105dowych. Tym razem z pozytywnym skutkiem otrzyma\u0142em zaszczytny mandat radnego Powiatu Wo\u0142omi\u0144skiego z okr\u0119gu nr 5 Gmina Wo\u0142omin. Start z nr 1 na li\u015bcie Platformy Obywatelskiej ( Koalicji Obywatelskiej). By\u0142 to ju\u017c chyba trzecie podej\u015bcie (2002, 2006, 2010 &#8211; jako kandydat niezale\u017cny)&#8230; o sorry czwarte podej\u015bcie. Od ostatniego mojego startu w wyborach samorz\u0105dowych up\u0142yn\u0119\u0142o 10 lat &#8211; bo jeszcze w roku 2014 ubiega\u0142em si\u0119 o urz\u0105d burmistrza Zielonki (kompletnie nieudany start) i z perspektywy czasu by\u0142a to niepotrzebna i nieprzemy\u015blana decyzja. No..ale by\u0142o min\u0119\u0142o.<\/p>\n\n\n\n<p class=\"has-text-align-left\"><strong>Wszystkie<\/strong> moje poprzednie kampanie wyborcze by\u0142y bardzo ostre, towarzyszy\u0142y im niezdrowe emocje, hejt, szkalowanie, pom\u00f3wienia czyli niestety to co dzisiaj staje si\u0119 codzienno\u015bci\u0105 w \u017cyciu publicznym. Prawie 30 lat temu w roku 1998 zosta\u0142em radnym gminnym w Zielonce. Ca\u0142a kadencja by\u0142a naznaczona ostrym sporem politycznym, kt\u00f3ry zapami\u0119tam do ko\u0144ca \u017cycia, kt\u00f3ry by\u0142 idealnym odzwierciedleniem &#8222;posmole\u0144skiej wojny polsko-polskiej&#8221;, kt\u00f3ra zacz\u0119\u0142a si\u0119 w roku 2010. To by\u0142y koszmarne cztery lata kadencji 1998-2002.Zabra\u0142y mi mn\u00f3stwo zdrowia i energii.<\/p>\n\n\n\n<p class=\"has-text-align-left\"><strong>Decyzj\u0119<\/strong> co do startu w wyborach w 2024 roku podejmowa\u0142em d\u0142ugo, bo do\u015bwiadczenia, kt\u00f3re by\u0142y moim udzia\u0142em przez wiele, wiele lat nie zach\u0119ca\u0142y do podj\u0119cia tego wyzwania. W szczeg\u00f3lno\u015bci w naszym powiecie, w Gminie Wo\u0142omin gdzie sympatie prawicowe ( propisowskie) s\u0105 silne, a konkurenci szczeg\u00f3lnie  spod znaku Platformy Obywatelskiej (Donalda Tuska) uwa\u017cani s\u0105 w skrajnych przypadkach za obcych (unijna opcja niemiecka) czyli zdrajc\u00f3w narodu.<\/p>\n\n\n\n<p class=\"has-text-align-left\"><strong>Ale widz\u0105c <\/strong>co si\u0119 dzieje w \u017cyciu publicznym trzeba by\u0142o podj\u0105\u0107 to wyzwanie i spr\u00f3bowa\u0107 powalczy\u0107 o &#8222;inn\u0105 Polsk\u0119 o inny powiat&#8221;. Uda\u0142o si\u0119 w pa\u017adzierniku 2023 roku po wielu latach &#8222;IV rozbioru Polski&#8221; pokona\u0107 z\u0142\u0105 polityk\u0119 dla naszej ojczyzny, to mo\u017ce i uda si\u0119 to zrobi\u0107 dla naszej lokalnej ma\u0142ej ojczyzny. Znowu oczywi\u015bcie by\u0142a obawa, \u017ce start w wyborach, kampania b\u0119dzie mia\u0142a tak\u017ce t\u0105 ciemn\u0105 (hejtersk\u0105) stron\u0119 mocy. Kampania przebieg\u0142a bardzo spokojnie i pracowicie. Po raz pierwszy mog\u0119 powiedzie\u0107, \u017ce by\u0142a w ca\u0142o\u015bci wy\u0142\u0105cznie pozytywna. Zako\u0144czy\u0142a si\u0119 nie tylko moim osobistym sukcesem, ale r\u00f3wnie\u017c moich &#8222;przyjaci\u00f3\u0142&#8221;. Sukces w kwietniu 2024 roku sta\u0142 si\u0119 faktem. Powiat Wo\u0142omi\u0144ski, Rada Powiatu z politycznej zdominowanej przez polityk\u00f3w PiS sta\u0142a si\u0119 samorz\u0105dem w kt\u00f3ry nie polityka, a rzetelna, dobra, przemy\u015blana praca na rzecz mieszka\u0144c\u00f3w s\u0142u\u017cy prawie 300 tysi\u0119cznej spo\u0142eczno\u015bci.<\/p>\n\n\n\n<p class=\"has-text-align-left\"><strong>Oczywi\u015bcie<\/strong> nie wszystko co sta\u0142o si\u0119 przez ostatnie lata w poprzedniej kadencji Rady Powiatu by\u0142o &#8222;polityczne&#8221;, wiele rzeczy uda\u0142o si\u0119 zrobi\u0107 dla obywateli, ale wszechobecna polityka cz\u0119sto dominowa\u0142a nad racjonalnym zarz\u0105dzaniem jednym z najwi\u0119kszych powiat\u00f3w w Polsce. Ale to ju\u017c na szcz\u0119\u015bcie za nami&#8230; Zasiadaj\u0105c w maju 2024 roku po raz pierwszy w radzie Powiatu Wo\u0142omi\u0144skiego, w kt\u00f3rej a\u017c 14 radnych (Rada Powiatu Wo\u0142omi\u0144skiego liczy 29 radnych) to radni Prawa i Sprawiedliwo\u015bci, kt\u00f3rzy w kadencji 2018-2024 rz\u0105dzili w Powiecie Wo\u0142omi\u0144skim by\u0142em pe\u0142en obaw, \u017ce to co dzieje si\u0119 w krajowej polityce zdominuje dzia\u0142alno\u015b\u0107 publiczn\u0105 rady powiatu VII kadencji.<\/p>\n\n\n\n<p class=\"has-text-align-left\"><strong>Polityka krajowa <\/strong>&#8211; po\u015bwi\u0119c\u0119 jej &#8222;jedno zdanie&#8221; &#8211; bo na wi\u0119cej nie zas\u0142uguje. Tzw. prawica, jedyni patrioci doprowadzili \u017cycie publiczne (polityk\u0119) na dno, dna.. niszcz\u0105 ka\u017cdego dnia nasze \u017cycie publiczne, niszcz\u0105 nasze spo\u0142ecze\u0144stwo, niszcz\u0105 i os\u0142abiaj\u0105 nasz\u0105 Ojczyzn\u0119. Dla utraconej w\u0142adzy i pieni\u0119dzy s\u0105 w stanie zrobi\u0107 wszystko w my\u015bl zasady po nas cho\u0107by potop. Smutny to obraz europejskiego kraju czerpi\u0105cego z chrze\u015bcija\u0144skich korzeni zachodu. Mam nadziej\u0119, jestem przekonany, \u017ce w przysz\u0142ym roku tak jak 15 pa\u017adziernika 2023 roku obronimy demokracj\u0119 i siln\u0105, znakomicie rozwijaj\u0105c\u0105 si\u0119 Polsk\u0119 w Unii Europejskiej.<\/p>\n\n\n\n<p class=\"has-text-align-left\"><strong>I tu ku mojemu<\/strong> bardzo pozytywnemu zaskoczeniu okazuje si\u0119, \u017ce jednak w \u017cyciu publicznym naszej powiatowej ojczyzny mo\u017ce by\u0107 normalnie. \u017be pomimo innych pogl\u0105d\u00f3w i sympatii politycznych, czasami innego \u015bwiatopogl\u0105du mo\u017ce &#8222;polityka lokalna&#8221; opiera\u0107 si\u0119 o szacunek, dobr\u0105 wsp\u00f3\u0142prac\u0119 na rzecz obywateli do, kt\u00f3rej aspirowali\u015bmy. \u017be lokalna polityka mo\u017ce by\u0107 gr\u0105 &#8222;FAIR PLAY&#8221; opart\u0105 o zdrowy rozs\u0105dek, prawd\u0119, fakty i wsp\u00f3\u0142prac\u0119. Oczywi\u015bcie w samorz\u0105dzie lokalnym jest \u0142atwiej, ale i w naszych ma\u0142ych ojczyznach zdarzaj\u0105 si\u0119 polityczne konflikty i destrukcyjne spory takie np. jak min. w Gminie Radzymin, Gminie Wo\u0142omin czy Gminie T\u0142uszcz gdzie cz\u0119sto zamiast pracy, wsp\u00f3\u0142pracy jest nieustaj\u0105ca walka, niepotrzebne emocje i wszechobecna z\u0142a polityka.<\/p>\n\n\n\n<p class=\"has-text-align-left\"><strong>Za mn\u0105 prawie<\/strong> dwa lata \u017cycia publicznego, pe\u0142nienia zaszczytnej funkcji radnego Rady Powiatu Wo\u0142omi\u0144skiego, radnego z Ossowa w Gminie Wo\u0142omin. Jestem pe\u0142en optymizmu i uznania dla dobrej, rzetelnej pracy na rzecz moich wsp\u00f3\u0142obywateli przez Zarz\u0105d Powiatu Wo\u0142omi\u0144skiego, radnych Rady Powiatu Wo\u0142omi\u0144skiego.<\/p>\n\n\n\n<p class=\"has-text-align-left\">Rada Powiatu Wo\u0142omi\u0144skiego VII kadencji 2024-2029 przez te pierwsze prawie dwa lata swojej dzia\u0142alno\u015bci publicznej jest znakomitym przyk\u0142adem, \u017ce bez z\u0142ej polityki mo\u017ce by\u0107 normalnie&#8230; i tego na kolejne lata Wszystkim i sobie \u017cycz\u0119<\/p>\n\n\n\n<p class=\"has-text-align-left\"><em><strong>Pozdrawiam Piotr Wyszy\u0144ski<\/strong><\/em><\/p>\n\n\n\n<hr class=\"wp-block-separator aligncenter has-alpha-channel-opacity\"\/>\n\n\n<div class=\"wp-block-image\">\n<figure class=\"alignleft size-large is-resized\"><img loading=\"lazy\" decoding=\"async\" width=\"1024\" height=\"1024\" src=\"https:\/\/powiatwwl.pl\/wp-content\/uploads\/2026\/02\/PIOTREK-1024x1024.jpg\" alt=\"\" class=\"wp-image-208\" style=\"width:111px;height:auto\" srcset=\"https:\/\/powiatwwl.pl\/wp-content\/uploads\/2026\/02\/PIOTREK-1024x1024.jpg 1024w, https:\/\/powiatwwl.pl\/wp-content\/uploads\/2026\/02\/PIOTREK-300x300.jpg 300w, https:\/\/powiatwwl.pl\/wp-content\/uploads\/2026\/02\/PIOTREK-150x150.jpg 150w, https:\/\/powiatwwl.pl\/wp-content\/uploads\/2026\/02\/PIOTREK-768x768.jpg 768w, https:\/\/powiatwwl.pl\/wp-content\/uploads\/2026\/02\/PIOTREK-1536x1536.jpg 1536w, https:\/\/powiatwwl.pl\/wp-content\/uploads\/2026\/02\/PIOTREK-80x80.jpg 80w, https:\/\/powiatwwl.pl\/wp-content\/uploads\/2026\/02\/PIOTREK-320x320.jpg 320w, https:\/\/powiatwwl.pl\/wp-content\/uploads\/2026\/02\/PIOTREK.jpg 2048w\" sizes=\"auto, (max-width: 1024px) 100vw, 1024px\" \/><\/figure>\n<\/div>\n\n\n<h2 class=\"wp-block-heading\"><strong><a href=\"http:\/\/www.wyszynskipiotr.pl\">Piotr WYSZY\u0143SKI<\/a><\/strong><\/h2>\n\n\n\n<p><\/p>\n","protected":false},"excerpt":{"rendered":"<p>Comiesi\u0119czny cykl felieton\u00f3w &#8222;Bez Cenzury&#8221;. Przeczyta\u0107 b\u0119dzie mo\u017cna felieton autorstwa Piotra Wyszy\u0144skiego. Piotr WYSZY\u0143SKI Marzec 2026, Piotr Wyszy\u0144ski Bezpieczna Polska, Sukces Polski \u2013 wrogiem prezydenta RP i PiS Od kilku tygodni tematem numer jeden jest SAFE (Security Action of Europe) oraz tragikomedia w wykonaniu prezydenta, PiS i prezesa NBP pt:\u201d&#46;&#46;&#46;<\/p>\n","protected":false},"author":1,"featured_media":0,"parent":0,"menu_order":0,"comment_status":"closed","ping_status":"closed","template":"","meta":{"footnotes":""},"class_list":["post-93","page","type-page","status-publish","hentry"],"_links":{"self":[{"href":"https:\/\/powiatwwl.pl\/index.php?rest_route=\/wp\/v2\/pages\/93","targetHints":{"allow":["GET"]}}],"collection":[{"href":"https:\/\/powiatwwl.pl\/index.php?rest_route=\/wp\/v2\/pages"}],"about":[{"href":"https:\/\/powiatwwl.pl\/index.php?rest_route=\/wp\/v2\/types\/page"}],"author":[{"embeddable":true,"href":"https:\/\/powiatwwl.pl\/index.php?rest_route=\/wp\/v2\/users\/1"}],"replies":[{"embeddable":true,"href":"https:\/\/powiatwwl.pl\/index.php?rest_route=%2Fwp%2Fv2%2Fcomments&post=93"}],"version-history":[{"count":25,"href":"https:\/\/powiatwwl.pl\/index.php?rest_route=\/wp\/v2\/pages\/93\/revisions"}],"predecessor-version":[{"id":2188,"href":"https:\/\/powiatwwl.pl\/index.php?rest_route=\/wp\/v2\/pages\/93\/revisions\/2188"}],"wp:attachment":[{"href":"https:\/\/powiatwwl.pl\/index.php?rest_route=%2Fwp%2Fv2%2Fmedia&parent=93"}],"curies":[{"name":"wp","href":"https:\/\/api.w.org\/{rel}","templated":true}]}}